{"id":169309,"date":"2022-02-02T14:19:12","date_gmt":"2022-02-02T13:19:12","guid":{"rendered":"https:\/\/www.visitliptov.sk\/podujatie\/tancovacka-na-habarke\/"},"modified":"2023-01-02T10:39:27","modified_gmt":"2023-01-02T09:39:27","slug":"potancowka-w-habarke-jasna-niskie-tatry","status":"publish","type":"podujatia","link":"https:\/\/www.visitliptov.sk\/pl\/podujatie\/potancowka-w-habarke-jasna-niskie-tatry\/","title":{"rendered":"Pota\u0144c\u00f3wka w Habarce"},"content":{"rendered":"\n<h3 class=\"wp-block-heading\">Niepowtarzalna jazda kolejk\u0105 linow\u0105 i Tatrakiem, doznania kulinarne i zabawa przy muzyce ludowej.<\/h3>\n\n\n\n<p>Prze\u017cyj wymarzon\u0105 kolacj\u0119!<\/p>\n\n\n\n<p>Przygoda rozpocznie si\u0119 od dojazdu do restauracji kolejk\u0105 linow\u0105. Symfonia smak\u00f3w, zapach\u00f3w i muzyki ludowej po\u0142\u0105czy si\u0119 w niezwyk\u0142e doznania kulinarne w restauracji Habarka na wysoko\u015bci 1287 m n.p.m. Powr\u00f3t z kolacji b\u0119dzie r\u00f3wnie emocjonuj\u0105cy &#8211; czeka Ci\u0119 jazda Tatrakiem.<br>Pota\u0144c\u00f3wka w Habarce odbywa si\u0119 w wybranych terminach. Kolacja odb\u0119dzie si\u0119 w zale\u017cno\u015bci od ilo\u015bci ch\u0119tnych i sk\u0142ada si\u0119 z niezapomnianej wieczornej jazdy kolejk\u0105 linow\u0105 i ratrakiem, cudownych widok\u00f3w na g\u00f3rsk\u0105 sceneri\u0119 Tatr po zmroku, zabawy muzycznej oraz pysznego menu w formie szwedzkich sto\u0142\u00f3w.<\/p>\n\n\n\n<ul class=\"wp-block-list\"><li><strong><strong>wydarzenie w ka\u017cd\u0105 SOBOT\u0118 od stycznia 2023 r. do marca 2023 r.<\/strong><\/strong><\/li><\/ul>\n\n\n\n<p>Przygoda rozpocznie si\u0119 od dojazdu do restauracji kolejk\u0105 linow\u0105. Symfonia smak\u00f3w, zapach\u00f3w i muzyki ludowej po\u0142\u0105czy si\u0119 w niezwyk\u0142e doznania kulinarne w restauracji Habarka na wysoko\u015bci 1287 m n.p.m. Powr\u00f3t z kolacji b\u0119dzie r\u00f3wnie emocjonuj\u0105cy &#8211; czeka Ci\u0119 jazda Tatrakiem.<br>Pota\u0144c\u00f3wka w Habarce odbywa si\u0119 w wybranych terminach. Kolacja odb\u0119dzie si\u0119 w zale\u017cno\u015bci od ilo\u015bci ch\u0119tnych i sk\u0142ada si\u0119 z niezapomnianej wieczornej jazdy kolejk\u0105 linow\u0105 i ratrakiem, cudownych widok\u00f3w na g\u00f3rsk\u0105 sceneri\u0119 Tatr po zmroku, zabawy muzycznej oraz pysznego menu w formie szwedzkich sto\u0142\u00f3w.<\/p>\n\n\n\n<p><span>Cz\u0119\u015bci\u0105 imprezy kulinarnej Pota\u0144c\u00f3wka na&nbsp;Habarce b\u0119d\u0105&nbsp;<\/span><strong>warsztaty gotowania&nbsp;haluszek<\/strong>, podczas kt\u00f3rych poznacie tajniki gotow.<\/p>\n\n\n\n<ul class=\"wp-block-list\"><li>Spotkanie uczestnik\u00f3w odbywa si\u0119 15 minut przed planowanym odjazdem kolejki w barze Apreski L\u00fa\u010dky. Kolejka odje\u017cd\u017ca ze stacji L\u00fa\u010dky o godz. 18:00. Z Habarki powr\u00f3t Tatrakiem do stacji L\u00fa\u010dky o godz. 20:15, 20:45 i 21:15.<\/li><li>Wjazd tylko od p\u00f3\u0142nocnej strony Jasnej (L\u00fa\u010dky).<\/li><li>Wi\u0119cej informacji i rezerwacje w Centrum Obs\u0142ugi Klienta Biela P\u00fa\u0165: +421 907 88 66 44, info@jasna.sk.<\/li><\/ul>\n\n\n\n<p><span><\/span><strong>Warto do\u015bwiadczy\u0107!<\/strong><\/p>\n\n\n\n<div class=\"wp-block-buttons is-layout-flex wp-block-buttons-is-layout-flex\"><\/div>\n\n\n<div class=\"accordion-acf\">\r\n  <div id=\"\" class=\"accordion\">\r\n    <a href=\"#\" class=\"accordion-title\">\r\n      <span class=\"icon-plus\"><span><\/span><\/span>\r\n      Cennik    <\/a>\r\n\t\t<div class=\"accordion-content\" >\r\n      <header>\n<h2 class=\"ce-headline-center\"><\/h2>\n<\/header>\n<div class=\"ce-textpic ce-center ce-above\">\n<div class=\"ce-bodytext\">\n<div class=\"table-responsive\">\n<table align=\"center\">\n<thead>\n<tr>\n<th scope=\"col\"><strong>CENA<\/strong><\/th>\n<th scope=\"col\">DORO\u015aLI I DZIECI POWY\u017bEJ 12 LAT<\/th>\n<th scope=\"col\">DZIECI 0 &#8211; 11 lat z wy\u017cywieniem<\/th>\n<\/tr>\n<\/thead>\n<tbody>\n<tr>\n<td><strong>Przeda\u017c online\u00a0<\/strong>na\u00a0<a title=\"Opens external link in new window\" href=\"https:\/\/www.gopass.travel\/SK\/homepage\/jasna\/experiences\/detail?idprice=98474\" target=\"_blank\" rel=\"noopener\">www.gopass.travel<\/a><\/td>\n<td class=\"text-center\"><strong><a href=\"https:\/\/www.gopass.travel\/PL\/homepage\/jasna\/experiences\/detail?idprice=98474\" target=\"_blank\" rel=\"noopener\">65\u00a0\u20ac<\/a><\/strong><\/td>\n<td class=\"text-center\"><strong><a href=\"https:\/\/www.gopass.travel\/PL\/homepage\/jasna\/experiences\/detail?idprice=98474\" target=\"_blank\" rel=\"noopener\">47 \u20ac<\/a><\/strong><\/td>\n<\/tr>\n<tr>\n<td><strong>Przeda\u017c offline<\/strong>\u00a0w Infocentre w o\u015brodku<\/td>\n<td class=\"text-center\"><strong>70 \u20ac<\/strong><\/td>\n<td class=\"text-center\"><strong>50 \u20ac<\/strong><\/td>\n<\/tr>\n<\/tbody>\n<\/table>\n<\/div>\n<p class=\"text-center\">Wi\u0119cej informacji i\u00a0rezerwacje w Infocentrum Biela P\u00fa\u0165: +421 907 88 66 44,\u00a0<a title=\"Opens window for sending email\" href=\"mailto:info@jasna.sk\">info@jasna.sk<\/a><\/p>\n<p class=\"text-center\">Rezerwacja obowi\u0105zkowa, osoby bez rezerwacji nie b\u0119d\u0105 mog\u0142y wzi\u0105\u0107 udzia\u0142u w wydarzeniu.<\/p>\n<\/div>\n<\/div>\n    <\/div>\r\n\t<\/div>\r\n  <div id=\"\" class=\"accordion\">\r\n    <a href=\"#\" class=\"accordion-title\">\r\n      <span class=\"icon-plus\"><span><\/span><\/span>\r\n      Warunki    <\/a>\r\n\t\t<div class=\"accordion-content\" >\r\n      <p class=\"text-justify\"><strong>Informacje dodatkowe:<\/strong><\/p>\n<p class=\"text-justify\">*\u00a0Organizacja wydarzenia jest uzale\u017cniona od liczby zg\u0142osze\u0144.\u00a0(Minimalna liczba uczestnik\u00f3w wynosi 30, maksymalna 60.)<\/p>\n<p class=\"text-justify\">*\u00a0Cena obejmuje:\u00a0welcome drink w barze Apresski L\u00fa\u010dky, wjazd kolejk\u0105\u00a0z BL\u00fa\u010dok, kolacj\u0119 w restauracji Habarka (menu z\u0142o\u017cone z 5 da\u0144 + welcome drink)<\/p>\n<p class=\"text-justify\">* Czas trwania wydarzenia oko\u0142o 2,5 godzin.<\/p>\n<p class=\"text-justify\">* Spotkanie uczestnik\u00f3w kolacji w barze Apesski bare L\u00fa\u010dky, gdzie nale\u017cy przyby\u0107 15 minut przed godzin\u0105 odjazdu Tatraku (Wyjazd 18:00, 18:30, 19:00).<\/p>\n<p class=\"text-justify\">*\u00a0Po dokonaniu p\u0142atno\u015bci zamawiaj\u0105cy nie ma mo\u017cliwo\u015bci anulowania zrealizowanej us\u0142ugi. Organizator nie ponosi odpowiedzialno\u015bci za koszty zwi\u0105zane z odwo\u0142aniem us\u0142ugi.<\/p>\n<p class=\"text-justify\"><strong>Warunki anulowania:<\/strong><\/p>\n<p class=\"text-justify\"><strong>Odwo\u0142anie wydarzenia przez organizatora:<\/strong><\/p>\n<p class=\"text-justify\">Z powodu odwo\u0142ania wydarzenia Full Moon Dinner przez sp\u00f3\u0142k\u0119 TMR, a.s. klient ma prawo do wyboru innego terminu us\u0142ugi lub zwrotu pe\u0142nej op\u0142aty za wydarzenie.<\/p>\n<p class=\"text-justify\"><strong>Odwo\u0142anie wydarzenia przez klienta:<\/strong><\/p>\n<p class=\"text-justify\">Odst\u0105pienie od umowy z dowolnej przyczyny lub bez podania przyczyny jest niemo\u017cliwe.<\/p>\n    <\/div>\r\n\t<\/div>\r\n<\/div>\r\n\n\n\n<p><\/p>\n\n\n\n<figure class=\"wp-block-gallery has-nested-images columns-default is-cropped wp-block-gallery-1 is-layout-flex wp-block-gallery-is-layout-flex\">\n<figure class=\"wp-block-image size-large\"><img loading=\"lazy\" decoding=\"async\" width=\"682\" height=\"384\" data-id=\"207476\" src=\"https:\/\/www.visitliptov.sk\/wp-content\/uploads\/2023\/01\/tancovacka-na-habarke-jasna-nizke-tatry-1.png\" alt=\"\" class=\"wp-image-207476\" srcset=\"https:\/\/www.visitliptov.sk\/wp-content\/uploads\/2023\/01\/tancovacka-na-habarke-jasna-nizke-tatry-1.png 682w, https:\/\/www.visitliptov.sk\/wp-content\/uploads\/2023\/01\/tancovacka-na-habarke-jasna-nizke-tatry-1-600x338.png 600w\" sizes=\"(max-width: 682px) 100vw, 682px\" \/><\/figure>\n\n\n\n<figure class=\"wp-block-image size-large\"><img loading=\"lazy\" decoding=\"async\" width=\"1500\" height=\"762\" data-id=\"207469\" src=\"https:\/\/www.visitliptov.sk\/wp-content\/uploads\/2023\/01\/tancovacka-na-habarke-jasna-nizke-tatry-4.jpg\" alt=\"\" class=\"wp-image-207469\" srcset=\"https:\/\/www.visitliptov.sk\/wp-content\/uploads\/2023\/01\/tancovacka-na-habarke-jasna-nizke-tatry-4.jpg 1500w, https:\/\/www.visitliptov.sk\/wp-content\/uploads\/2023\/01\/tancovacka-na-habarke-jasna-nizke-tatry-4-1200x610.jpg 1200w, https:\/\/www.visitliptov.sk\/wp-content\/uploads\/2023\/01\/tancovacka-na-habarke-jasna-nizke-tatry-4-600x305.jpg 600w\" sizes=\"(max-width: 1500px) 100vw, 1500px\" \/><\/figure>\n\n\n\n<figure class=\"wp-block-image size-large\"><img loading=\"lazy\" decoding=\"async\" width=\"1500\" height=\"998\" data-id=\"207474\" src=\"https:\/\/www.visitliptov.sk\/wp-content\/uploads\/2023\/01\/tancovacka-na-habarke-jasna-nizke-tatry-3.jpg\" alt=\"\" class=\"wp-image-207474\" srcset=\"https:\/\/www.visitliptov.sk\/wp-content\/uploads\/2023\/01\/tancovacka-na-habarke-jasna-nizke-tatry-3.jpg 1500w, https:\/\/www.visitliptov.sk\/wp-content\/uploads\/2023\/01\/tancovacka-na-habarke-jasna-nizke-tatry-3-1200x798.jpg 1200w, https:\/\/www.visitliptov.sk\/wp-content\/uploads\/2023\/01\/tancovacka-na-habarke-jasna-nizke-tatry-3-600x399.jpg 600w\" sizes=\"(max-width: 1500px) 100vw, 1500px\" \/><\/figure>\n\n\n\n<figure class=\"wp-block-image size-large\"><img loading=\"lazy\" decoding=\"async\" width=\"1200\" height=\"600\" data-id=\"207471\" src=\"https:\/\/www.visitliptov.sk\/wp-content\/uploads\/2023\/01\/tancovacka-na-habarke-jasna-nizke-tatry-1.jpg\" alt=\"\" class=\"wp-image-207471\" srcset=\"https:\/\/www.visitliptov.sk\/wp-content\/uploads\/2023\/01\/tancovacka-na-habarke-jasna-nizke-tatry-1.jpg 1200w, https:\/\/www.visitliptov.sk\/wp-content\/uploads\/2023\/01\/tancovacka-na-habarke-jasna-nizke-tatry-1-600x300.jpg 600w\" sizes=\"(max-width: 1200px) 100vw, 1200px\" \/><\/figure>\n\n\n\n<figure class=\"wp-block-image size-large\"><img loading=\"lazy\" decoding=\"async\" width=\"1773\" height=\"1182\" data-id=\"207464\" src=\"https:\/\/www.visitliptov.sk\/wp-content\/uploads\/2023\/01\/tancovacka-na-habarke-jasna-nizke-tatry-5.jpg\" alt=\"\" class=\"wp-image-207464\" srcset=\"https:\/\/www.visitliptov.sk\/wp-content\/uploads\/2023\/01\/tancovacka-na-habarke-jasna-nizke-tatry-5.jpg 1773w, https:\/\/www.visitliptov.sk\/wp-content\/uploads\/2023\/01\/tancovacka-na-habarke-jasna-nizke-tatry-5-1200x800.jpg 1200w, https:\/\/www.visitliptov.sk\/wp-content\/uploads\/2023\/01\/tancovacka-na-habarke-jasna-nizke-tatry-5-600x400.jpg 600w, https:\/\/www.visitliptov.sk\/wp-content\/uploads\/2023\/01\/tancovacka-na-habarke-jasna-nizke-tatry-5-1536x1024.jpg 1536w\" sizes=\"(max-width: 1773px) 100vw, 1773px\" \/><\/figure>\n\n\n\n<figure class=\"wp-block-image size-large\"><img loading=\"lazy\" decoding=\"async\" width=\"559\" height=\"370\" data-id=\"207462\" src=\"https:\/\/www.visitliptov.sk\/wp-content\/uploads\/2023\/01\/tancovacka-na-habarke-jasna-nizke-tatry-2.jpg\" alt=\"\" class=\"wp-image-207462\"\/><\/figure>\n<\/figure>\n\n\n\n<p><\/p>\n\n\n\n<figure class=\"wp-block-embed is-type-video is-provider-youtube wp-block-embed-youtube wp-embed-aspect-16-9 wp-has-aspect-ratio\"><div class=\"wp-block-embed__wrapper\">\n<iframe loading=\"lazy\" title=\"HABARKA Jasn\u00e1 -  Traditional Food &amp; View\" width=\"500\" height=\"281\" src=\"https:\/\/www.youtube.com\/embed\/5PqhrSSWgmU?feature=oembed\" frameborder=\"0\" allow=\"accelerometer; autoplay; clipboard-write; encrypted-media; gyroscope; picture-in-picture; web-share\" referrerpolicy=\"strict-origin-when-cross-origin\" allowfullscreen><\/iframe>\n<\/div><\/figure>\n<div class=\"cookieconsent-optout-marketing\">Prosz\u0119, aby obejrze\u0107 wideo, <a href=\"javascript:Cookiebot.renew()\"> zaakceptuj ciasteczka marketingowe.<\/a> <\/div>","protected":false},"author":15,"featured_media":172457,"template":"","podujatia-kategorie":[482,418,421],"lokalita":[447],"class_list":["post-169309","podujatia","type-podujatia","status-publish","has-post-thumbnail","hentry","podujatia_kategorie-hory-pl","podujatia_kategorie-wydarzenie-kulturalne","podujatia_kategorie-gastronomia-pl","lokalita-jasna-pl"],"acf":{"plan_interest":"","plan_group_type":"","plan_suitability":"","plan_barrier_free":false,"plan_top":"0","plan_food":"","plan_gps_lat":"","plan_gps_long":"","plan_gps_endpoint":"","event_start_date":"2023-01-07 18:00:00","event_end_date":"2023-01-07 21:30:00","event_all_day":false,"datumy_opakovanych_podujati":null,"event_cost":"65","dobrovolne_vstupne":false,"event_discount":"","event_sell":"https:\/\/www.gopass.travel\/SK\/homepage\/jasna\/experiences\/detail?idprice=98474&_ga=2.2675","event_website":"https:\/\/www.jasna.sk\/pl\/zajecia\/wydarzenia\/potancowka-w-habarce","facebook_event_url":"","extreny_link_text":"","extreny_link_url":"","poster":"","documents":null,"venue_title":"Apreskibar L\u00fa\u010dky","venue_address":"Dem\u00e4novsk\u00e1 dolina","venue_city":"Liptovsk\u00fd Mikul\u00e1\u0161","venue_zip":"031 01","galeria":null,"search_top_keywords":"","is_top":false,"header_type":"nothing","rev_slider_alias":"","header_featureimage_title":"","header_featureimage_show_title":false,"header_featureimage_show_author":false},"wpml_translations_detailed":{"pl":{"id":169309,"title":"Pota\u0144c\u00f3wka w Habarce","url":"https:\/\/www.visitliptov.sk\/pl\/podujatie\/potancowka-w-habarke-jasna-niskie-tatry\/","api_url":"https:\/\/www.visitliptov.sk\/pl\/wp-json\/wp\/v2\/podujatia\/169309","status":"publish","excerpt":"Niepowtarzalna jazda kolejk\u0105 linow\u0105 i Tatrakiem, doznania kulinarne i zabawa przy muzyce ludowej. Prze\u017cyj wymarzon\u0105 kolacj\u0119! Przygoda rozpocznie si\u0119 od ...","content":"<!-- wp:heading {\"level\":3} -->\n<h3>Niepowtarzalna jazda kolejk\u0105 linow\u0105 i Tatrakiem, doznania kulinarne i zabawa przy muzyce ludowej.<\/h3>\n<!-- \/wp:heading -->\n\n<!-- wp:paragraph -->\n<p>Prze\u017cyj wymarzon\u0105 kolacj\u0119!<\/p>\n<!-- \/wp:paragraph -->\n\n<!-- wp:paragraph -->\n<p>Przygoda rozpocznie si\u0119 od dojazdu do restauracji kolejk\u0105 linow\u0105. Symfonia smak\u00f3w, zapach\u00f3w i muzyki ludowej po\u0142\u0105czy si\u0119 w niezwyk\u0142e doznania kulinarne w restauracji Habarka na wysoko\u015bci 1287 m n.p.m. Powr\u00f3t z kolacji b\u0119dzie r\u00f3wnie emocjonuj\u0105cy - czeka Ci\u0119 jazda Tatrakiem.<br>Pota\u0144c\u00f3wka w Habarce odbywa si\u0119 w wybranych terminach. Kolacja odb\u0119dzie si\u0119 w zale\u017cno\u015bci od ilo\u015bci ch\u0119tnych i sk\u0142ada si\u0119 z niezapomnianej wieczornej jazdy kolejk\u0105 linow\u0105 i ratrakiem, cudownych widok\u00f3w na g\u00f3rsk\u0105 sceneri\u0119 Tatr po zmroku, zabawy muzycznej oraz pysznego menu w formie szwedzkich sto\u0142\u00f3w.<\/p>\n<!-- \/wp:paragraph -->\n\n<!-- wp:list -->\n<ul><li><strong><strong>wydarzenie w ka\u017cd\u0105 SOBOT\u0118 od stycznia 2023 r. do marca 2023 r.<\/strong><\/strong><\/li><\/ul>\n<!-- \/wp:list -->\n\n<!-- wp:paragraph -->\n<p>Przygoda rozpocznie si\u0119 od dojazdu do restauracji kolejk\u0105 linow\u0105. Symfonia smak\u00f3w, zapach\u00f3w i muzyki ludowej po\u0142\u0105czy si\u0119 w niezwyk\u0142e doznania kulinarne w restauracji Habarka na wysoko\u015bci 1287 m n.p.m. Powr\u00f3t z kolacji b\u0119dzie r\u00f3wnie emocjonuj\u0105cy - czeka Ci\u0119 jazda Tatrakiem.<br>Pota\u0144c\u00f3wka w Habarce odbywa si\u0119 w wybranych terminach. Kolacja odb\u0119dzie si\u0119 w zale\u017cno\u015bci od ilo\u015bci ch\u0119tnych i sk\u0142ada si\u0119 z niezapomnianej wieczornej jazdy kolejk\u0105 linow\u0105 i ratrakiem, cudownych widok\u00f3w na g\u00f3rsk\u0105 sceneri\u0119 Tatr po zmroku, zabawy muzycznej oraz pysznego menu w formie szwedzkich sto\u0142\u00f3w.<\/p>\n<!-- \/wp:paragraph -->\n\n<!-- wp:paragraph -->\n<p>Cz\u0119\u015bci\u0105 imprezy kulinarnej Pota\u0144c\u00f3wka na&nbsp;Habarce b\u0119d\u0105&nbsp;<strong>warsztaty gotowania&nbsp;haluszek<\/strong>, podczas kt\u00f3rych poznacie tajniki gotow.<\/p>\n<!-- \/wp:paragraph -->\n\n<!-- wp:list -->\n<ul><li>Spotkanie uczestnik\u00f3w odbywa si\u0119 15 minut przed planowanym odjazdem kolejki w barze Apreski L\u00fa\u010dky. Kolejka odje\u017cd\u017ca ze stacji L\u00fa\u010dky o godz. 18:00. Z Habarki powr\u00f3t Tatrakiem do stacji L\u00fa\u010dky o godz. 20:15, 20:45 i 21:15.<\/li><li>Wjazd tylko od p\u00f3\u0142nocnej strony Jasnej (L\u00fa\u010dky).<\/li><li>Wi\u0119cej informacji i rezerwacje w Centrum Obs\u0142ugi Klienta Biela P\u00fa\u0165: +421 907 88 66 44, info@jasna.sk.<\/li><\/ul>\n<!-- \/wp:list -->\n\n<!-- wp:paragraph -->\n<p><strong>Warto do\u015bwiadczy\u0107!<\/strong><\/p>\n<!-- \/wp:paragraph -->\n\n<!-- wp:buttons -->\n<div class=\"wp-block-buttons\"><\/div>\n<!-- \/wp:buttons -->\n\n<!-- wp:acf\/accordion {\"name\":\"acf\/accordion\",\"data\":{\"accordion_items_0_title\":\"Cennik\",\"_accordion_items_0_title\":\"field_5c9214716a572\",\"accordion_items_0_content\":\"\\u003cheader\\u003e\\r\\n\\u003ch2 class=\\u0022ce-headline-center\\u0022\\u003e\\u003c\/h2\\u003e\\r\\n\\u003c\/header\\u003e\\r\\n\\u003cdiv class=\\u0022ce-textpic ce-center ce-above\\u0022\\u003e\\r\\n\\u003cdiv class=\\u0022ce-bodytext\\u0022\\u003e\\r\\n\\u003cdiv class=\\u0022table-responsive\\u0022\\u003e\\r\\n\\u003ctable align=\\u0022center\\u0022\\u003e\\r\\n\\u003cthead\\u003e\\r\\n\\u003ctr\\u003e\\r\\n\\u003cth scope=\\u0022col\\u0022\\u003e\\u003cstrong\\u003eCENA\\u003c\/strong\\u003e\\u003c\/th\\u003e\\r\\n\\u003cth scope=\\u0022col\\u0022\\u003eDORO\u015aLI I DZIECI POWY\u017bEJ 12 LAT\\u003c\/th\\u003e\\r\\n\\u003cth scope=\\u0022col\\u0022\\u003eDZIECI 0 - 11 lat z wy\u017cywieniem\\u003c\/th\\u003e\\r\\n\\u003c\/tr\\u003e\\r\\n\\u003c\/thead\\u003e\\r\\n\\u003ctbody\\u003e\\r\\n\\u003ctr\\u003e\\r\\n\\u003ctd\\u003e\\u003cstrong\\u003ePrzeda\u017c online\u00a0\\u003c\/strong\\u003ena\u00a0\\u003ca title=\\u0022Opens external link in new window\\u0022 href=\\u0022https:\/\/www.gopass.travel\/SK\/homepage\/jasna\/experiences\/detail?idprice=98474\\u0022 target=\\u0022_blank\\u0022 rel=\\u0022noopener\\u0022\\u003ewww.gopass.travel\\u003c\/a\\u003e\\u003c\/td\\u003e\\r\\n\\u003ctd class=\\u0022text-center\\u0022\\u003e\\u003cstrong\\u003e\\u003ca href=\\u0022https:\/\/www.gopass.travel\/PL\/homepage\/jasna\/experiences\/detail?idprice=98474\\u0022 target=\\u0022_blank\\u0022 rel=\\u0022noopener\\u0022\\u003e65\u00a0\u20ac\\u003c\/a\\u003e\\u003c\/strong\\u003e\\u003c\/td\\u003e\\r\\n\\u003ctd class=\\u0022text-center\\u0022\\u003e\\u003cstrong\\u003e\\u003ca href=\\u0022https:\/\/www.gopass.travel\/PL\/homepage\/jasna\/experiences\/detail?idprice=98474\\u0022 target=\\u0022_blank\\u0022 rel=\\u0022noopener\\u0022\\u003e47 \u20ac\\u003c\/a\\u003e\\u003c\/strong\\u003e\\u003c\/td\\u003e\\r\\n\\u003c\/tr\\u003e\\r\\n\\u003ctr\\u003e\\r\\n\\u003ctd\\u003e\\u003cstrong\\u003ePrzeda\u017c offline\\u003c\/strong\\u003e\u00a0w Infocentre w o\u015brodku\\u003c\/td\\u003e\\r\\n\\u003ctd class=\\u0022text-center\\u0022\\u003e\\u003cstrong\\u003e70 \u20ac\\u003c\/strong\\u003e\\u003c\/td\\u003e\\r\\n\\u003ctd class=\\u0022text-center\\u0022\\u003e\\u003cstrong\\u003e50 \u20ac\\u003c\/strong\\u003e\\u003c\/td\\u003e\\r\\n\\u003c\/tr\\u003e\\r\\n\\u003c\/tbody\\u003e\\r\\n\\u003c\/table\\u003e\\r\\n\\u003c\/div\\u003e\\r\\n\\u003cp class=\\u0022text-center\\u0022\\u003eWi\u0119cej informacji i\u00a0rezerwacje w Infocentrum Biela P\u00fa\u0165: +421 907 88 66 44,\u00a0\\u003ca title=\\u0022Opens window for sending email\\u0022 href=\\u0022mailto:info@jasna.sk\\u0022\\u003einfo@jasna.sk\\u003c\/a\\u003e\\u003c\/p\\u003e\\r\\n\\u003cp class=\\u0022text-center\\u0022\\u003eRezerwacja obowi\u0105zkowa, osoby bez rezerwacji nie b\u0119d\u0105 mog\u0142y wzi\u0105\u0107 udzia\u0142u w wydarzeniu.\\u003c\/p\\u003e\\r\\n\\r\\n\\u003c\/div\\u003e\\r\\n\\u003c\/div\\u003e\",\"_accordion_items_0_content\":\"field_5c9214826a573\",\"accordion_items_1_title\":\"Warunki\",\"_accordion_items_1_title\":\"field_5c9214716a572\",\"accordion_items_1_content\":\"\\u003cp class=\\u0022text-justify\\u0022\\u003e\\u003cstrong\\u003eInformacje dodatkowe:\\u003c\/strong\\u003e\\u003c\/p\\u003e\\r\\n\\u003cp class=\\u0022text-justify\\u0022\\u003e*\u00a0Organizacja wydarzenia jest uzale\u017cniona od liczby zg\u0142osze\u0144.\u00a0(Minimalna liczba uczestnik\u00f3w wynosi 30, maksymalna 60.)\\u003c\/p\\u003e\\r\\n\\u003cp class=\\u0022text-justify\\u0022\\u003e*\u00a0Cena obejmuje:\u00a0welcome drink w barze Apresski L\u00fa\u010dky, wjazd kolejk\u0105\u00a0z BL\u00fa\u010dok, kolacj\u0119 w restauracji Habarka (menu z\u0142o\u017cone z 5 da\u0144 + welcome drink)\\u003c\/p\\u003e\\r\\n\\u003cp class=\\u0022text-justify\\u0022\\u003e* Czas trwania wydarzenia oko\u0142o 2,5 godzin.\\u003c\/p\\u003e\\r\\n\\u003cp class=\\u0022text-justify\\u0022\\u003e* Spotkanie uczestnik\u00f3w kolacji w barze Apesski bare L\u00fa\u010dky, gdzie nale\u017cy przyby\u0107 15 minut przed godzin\u0105 odjazdu Tatraku (Wyjazd 18:00, 18:30, 19:00).\\u003c\/p\\u003e\\r\\n\\u003cp class=\\u0022text-justify\\u0022\\u003e*\u00a0Po dokonaniu p\u0142atno\u015bci zamawiaj\u0105cy nie ma mo\u017cliwo\u015bci anulowania zrealizowanej us\u0142ugi. Organizator nie ponosi odpowiedzialno\u015bci za koszty zwi\u0105zane z odwo\u0142aniem us\u0142ugi.\\u003c\/p\\u003e\\r\\n\\u003cp class=\\u0022text-justify\\u0022\\u003e\\u003cstrong\\u003eWarunki anulowania:\\u003c\/strong\\u003e\\u003c\/p\\u003e\\r\\n\\u003cp class=\\u0022text-justify\\u0022\\u003e\\u003cstrong\\u003eOdwo\u0142anie wydarzenia przez organizatora:\\u003c\/strong\\u003e\\u003c\/p\\u003e\\r\\n\\u003cp class=\\u0022text-justify\\u0022\\u003eZ powodu odwo\u0142ania wydarzenia Full Moon Dinner przez sp\u00f3\u0142k\u0119 TMR, a.s. klient ma prawo do wyboru innego terminu us\u0142ugi lub zwrotu pe\u0142nej op\u0142aty za wydarzenie.\\u003c\/p\\u003e\\r\\n\\u003cp class=\\u0022text-justify\\u0022\\u003e\\u003cstrong\\u003eOdwo\u0142anie wydarzenia przez klienta:\\u003c\/strong\\u003e\\u003c\/p\\u003e\\r\\n\\u003cp class=\\u0022text-justify\\u0022\\u003eOdst\u0105pienie od umowy z dowolnej przyczyny lub bez podania przyczyny jest niemo\u017cliwe.\\u003c\/p\\u003e\",\"_accordion_items_1_content\":\"field_5c9214826a573\",\"accordion_items\":2,\"_accordion_items\":\"field_5c9214446a571\"},\"mode\":\"edit\"} \/-->\n\n<!-- wp:paragraph -->\n<p><\/p>\n<!-- \/wp:paragraph -->\n\n<!-- wp:gallery {\"linkTo\":\"none\"} -->\n<figure class=\"wp-block-gallery has-nested-images columns-default is-cropped\"><!-- wp:image {\"id\":207476,\"sizeSlug\":\"large\",\"linkDestination\":\"none\"} -->\n<figure class=\"wp-block-image size-large\"><img src=\"https:\/\/www.visitliptov.sk\/wp-content\/uploads\/2023\/01\/tancovacka-na-habarke-jasna-nizke-tatry-1.png\" alt=\"\" class=\"wp-image-207476\"\/><\/figure>\n<!-- \/wp:image -->\n\n<!-- wp:image {\"id\":207469,\"sizeSlug\":\"large\",\"linkDestination\":\"none\"} -->\n<figure class=\"wp-block-image size-large\"><img src=\"https:\/\/www.visitliptov.sk\/wp-content\/uploads\/2023\/01\/tancovacka-na-habarke-jasna-nizke-tatry-4.jpg\" alt=\"\" class=\"wp-image-207469\"\/><\/figure>\n<!-- \/wp:image -->\n\n<!-- wp:image {\"id\":207474,\"sizeSlug\":\"large\",\"linkDestination\":\"none\"} -->\n<figure class=\"wp-block-image size-large\"><img src=\"https:\/\/www.visitliptov.sk\/wp-content\/uploads\/2023\/01\/tancovacka-na-habarke-jasna-nizke-tatry-3.jpg\" alt=\"\" class=\"wp-image-207474\"\/><\/figure>\n<!-- \/wp:image -->\n\n<!-- wp:image {\"id\":207471,\"sizeSlug\":\"large\",\"linkDestination\":\"none\"} -->\n<figure class=\"wp-block-image size-large\"><img src=\"https:\/\/www.visitliptov.sk\/wp-content\/uploads\/2023\/01\/tancovacka-na-habarke-jasna-nizke-tatry-1.jpg\" alt=\"\" class=\"wp-image-207471\"\/><\/figure>\n<!-- \/wp:image -->\n\n<!-- wp:image {\"id\":207464,\"sizeSlug\":\"large\",\"linkDestination\":\"none\"} -->\n<figure class=\"wp-block-image size-large\"><img src=\"https:\/\/www.visitliptov.sk\/wp-content\/uploads\/2023\/01\/tancovacka-na-habarke-jasna-nizke-tatry-5.jpg\" alt=\"\" class=\"wp-image-207464\"\/><\/figure>\n<!-- \/wp:image -->\n\n<!-- wp:image {\"id\":207462,\"sizeSlug\":\"large\",\"linkDestination\":\"none\"} -->\n<figure class=\"wp-block-image size-large\"><img src=\"https:\/\/www.visitliptov.sk\/wp-content\/uploads\/2023\/01\/tancovacka-na-habarke-jasna-nizke-tatry-2.jpg\" alt=\"\" class=\"wp-image-207462\"\/><\/figure>\n<!-- \/wp:image --><\/figure>\n<!-- \/wp:gallery -->\n\n<!-- wp:paragraph -->\n<p><\/p>\n<!-- \/wp:paragraph -->\n\n<!-- wp:embed {\"url\":\"https:\/\/youtu.be\/5PqhrSSWgmU\",\"type\":\"video\",\"providerNameSlug\":\"youtube\",\"responsive\":true,\"className\":\"wp-embed-aspect-16-9 wp-has-aspect-ratio\"} -->\n<figure class=\"wp-block-embed is-type-video is-provider-youtube wp-block-embed-youtube wp-embed-aspect-16-9 wp-has-aspect-ratio\"><div class=\"wp-block-embed__wrapper\">\nhttps:\/\/youtu.be\/5PqhrSSWgmU\n<\/div><\/figure>\n<!-- \/wp:embed -->","featured_media":172457,"featured_media_url":"https:\/\/www.visitliptov.sk\/wp-content\/uploads\/2022\/03\/Habarka-rest4-600x338.jpg","images_gallery_urls":[],"poster":"","poster_url":null,"documents":[],"fotka_1_url":null,"fotka_2_url":null,"fotka_3_url":null,"fotka_4_url":null,"fotka_5_url":null,"fotka_6_url":null,"fotka_7_url":null,"fotka_8_url":null}},"_links":{"self":[{"href":"https:\/\/www.visitliptov.sk\/pl\/wp-json\/wp\/v2\/podujatia\/169309"}],"collection":[{"href":"https:\/\/www.visitliptov.sk\/pl\/wp-json\/wp\/v2\/podujatia"}],"about":[{"href":"https:\/\/www.visitliptov.sk\/pl\/wp-json\/wp\/v2\/types\/podujatia"}],"author":[{"embeddable":true,"href":"https:\/\/www.visitliptov.sk\/pl\/wp-json\/wp\/v2\/users\/15"}],"version-history":[{"count":0,"href":"https:\/\/www.visitliptov.sk\/pl\/wp-json\/wp\/v2\/podujatia\/169309\/revisions"}],"wp:featuredmedia":[{"embeddable":true,"href":"https:\/\/www.visitliptov.sk\/pl\/wp-json\/wp\/v2\/media\/172457"}],"wp:attachment":[{"href":"https:\/\/www.visitliptov.sk\/pl\/wp-json\/wp\/v2\/media?parent=169309"}],"wp:term":[{"taxonomy":"podujatia_kategorie","embeddable":true,"href":"https:\/\/www.visitliptov.sk\/pl\/wp-json\/wp\/v2\/podujatia-kategorie?post=169309"},{"taxonomy":"lokalita","embeddable":true,"href":"https:\/\/www.visitliptov.sk\/pl\/wp-json\/wp\/v2\/lokalita?post=169309"}],"curies":[{"name":"wp","href":"https:\/\/api.w.org\/{rel}","templated":true}]}}