{"id":79222,"date":"2018-03-08T00:00:00","date_gmt":"2018-03-07T23:00:00","guid":{"rendered":"http:\/\/www.visitliptov.sk\/podujatie\/go-zuzu-jasnej\/"},"modified":"2024-02-19T13:04:13","modified_gmt":"2024-02-19T12:04:13","slug":"go-zuzu-jasnej","status":"publish","type":"podujatia","link":"https:\/\/www.visitliptov.sk\/en\/event\/go-zuzu-jasnej\/","title":{"rendered":"GO ZUZU v Jasnej"},"content":{"rendered":"<p style=\"text-align: center;\"><strong>NAJ\u00daSPE\u0160NEJ\u0160IA SLOVENSK\u00c1 LY\u017dIARKA VERONIKA VELEZ ZUZULOV\u00c1\u00a0 SA SO SVOJOU FENOMEN\u00c1LNOU KARI\u00c9ROU ROZL\u00da\u010cI V JASNEJ! SPOLO\u010cNOS\u0164 JEJ BUDE ROBI\u0164 RODINA, PRIATELIA, LY\u017dIARKA PETRA VLHOV\u00c1, SPONZORI, A V NEPOSLEDNOM RADE JEJ FAN\u00da\u0160IKOVIA, KTOR\u00cd JU PO CEL\u00dd \u010cAS PODPOROVALI.<\/strong><\/p>\n<p><img loading=\"lazy\" decoding=\"async\" class=\"aligncenter wp-image-86516 \" src=\"http:\/\/www.visitliptov.sk\/wp-content\/uploads\/2019\/04\/zuzu-1.jpg\" alt=\"\" width=\"549\" height=\"367\" \/><\/p>\n<header class=\"header-n2\">\n<h3 class=\"csc-header-alignment-center\" style=\"text-align: center;\"><strong>Exhibi\u010dn\u00fd paraleln\u00fd slalom<\/strong><\/h3>\n<\/header>\n<div class=\"csc-textpic csc-textpic-intext-right\">\n<div class=\"csc-textpic-text\">\n<p class=\"align-justify\" style=\"text-align: justify;\"><img loading=\"lazy\" decoding=\"async\" class=\"size-full wp-image-86520 alignright\" src=\"http:\/\/www.visitliptov.sk\/wp-content\/uploads\/2019\/04\/zuzu1.jpg\" alt=\"\" width=\"283\" height=\"178\" \/>7. apr\u00edla na Priehybe\u00a0sa bude jazdi\u0165 div\u00e1cky ve\u013emi atrakt\u00edvny paraleln\u00fd slalom, ktor\u00e9ho hlavnou akt\u00e9rkou bude ako inak\u00a0<strong>Veronika Velez Zuzulov\u00e1<\/strong><span>.\u00a0Veronika vyzvala osoby, ktor\u00e9 pre \u0148u ve\u013ea znamenaj\u00fa, \u010di u\u017e v s\u00fakromnom alebo profesion\u00e1lnom \u017eivote. S ka\u017edou z nich si zas\u00fa\u0165a\u017e\u00ed medzi br\u00e1nami paralel slalomu. Medzi jednotliv\u00fdmi jazdami sa m\u00f4\u017eete te\u0161i\u0165 na zauj\u00edmav\u00e9 rozhovory s Veronikou a jej hos\u0165ami, ktor\u00fdmi bude prev\u00e1dza\u0165 v\u00fdborn\u00fd \u0161portov\u00fd moder\u00e1tor\u00a0<\/span><strong>Sl\u00e1vo Jurko<\/strong>.<\/p>\n<header class=\"header-n3\">\n<h3 class=\"csc-header-alignment-center\"><strong>Vyhrajte miestenku v paralelnom slalome!<\/strong><\/h3>\n<\/header>\n<div class=\"csc-textpic-text\">\n<p class=\"align-justify\" style=\"text-align: justify;\"><strong>Veronika myslela aj na svojich fan\u00fa\u0161ikov a jedn\u00e9mu z v\u00e1s umo\u017en\u00ed si zajazdi\u0165 bok po boku paraleln\u00fd slalom!<\/strong>\u00a0Miestenku na paraleln\u00fd slalom z\u00edskate, ak sa zaregistrujete na Priehybe v de\u0148 konania preteku 7. apr\u00edla od 09.00 do 12.30. Pred pretekom vy\u017erebujeme jedn\u00e9ho z fan\u00fa\u0161ikov, ktor\u00fd sa postav\u00ed na \u0161tart paraleln\u00e9ho slalomu priamo s Veronikou. \u0160ancu na jedine\u010dn\u00fd z\u00e1\u017eitok, ktor\u00fd sa u\u017e nezopakuje, m\u00e1 \u00faplne ka\u017ed\u00fd! Do Jasnej sa ur\u010dite oplat\u00ed pr\u00eds\u0165.<\/p>\n<header class=\"header-n4\">\n<h3 class=\"csc-header-alignment-center\" style=\"text-align: center;\"><strong><img loading=\"lazy\" decoding=\"async\" class=\"alignleft wp-image-86524\" src=\"http:\/\/www.visitliptov.sk\/wp-content\/uploads\/2019\/04\/zuzu2.jpg\" alt=\"\" width=\"229\" height=\"154\" \/>Autogrami\u00e1da Veroniky Velez Zuzulovej<\/strong><\/h3>\n<\/header>\n<div class=\"csc-textpic csc-textpic-intext-right\">\n<div class=\"csc-textpic-text\">\n<p class=\"align-justify\" style=\"text-align: justify;\">Fan\u00fa\u0161ikovia Veroniky sa po odjazden\u00ed paraleln\u00e9ho slalomu m\u00f4\u017eu te\u0161i\u0165 na jej\u00a0<strong>autogrami\u00e1du<\/strong><span>. T\u00e1 sa bude kona\u0165\u00a0na Priehybe v \u010dase <\/span><strong>od 14.30 do 15.30<\/strong>. Nezme\u0161kajte pr\u00edle\u017eitos\u0165 osobne sa stretn\u00fa\u0165 so skvelou slovenskou ly\u017eiarkou a odnies\u0165 si domov cenn\u00fa spomienku v podobe podpis karty, fotografie a najm\u00e4 skvel\u00e9ho pocitu z osobn\u00e9ho stretnutia s \u0148ou.<\/p>\n<header class=\"header-n6\">\n<h3 class=\"csc-header-alignment-center\"><strong>GO ZUZU v Jasnej program<\/strong><\/h3>\n<table class=\"contenttable\" style=\"width: 597px;\" summary=\"\">\n<thead>\n<tr>\n<th class=\"align-center\" style=\"width: 113px;\" scope=\"col\"><strong>\u010cas\u00a0<\/strong><\/th>\n<th class=\"align-center\" style=\"width: 66px;\"><strong>Lokalita<\/strong><\/th>\n<th class=\"align-center\" style=\"width: 402px;\" scope=\"col\"><strong>Program<\/strong><\/th>\n<\/tr>\n<\/thead>\n<tbody>\n<tr>\n<td class=\"align-center\" style=\"width: 113px;\">09:00 &#8211; 12:30<\/td>\n<td class=\"align-center\" style=\"width: 66px;\">Priehyba<\/td>\n<td style=\"width: 402px;\">Registr\u00e1cia do s\u00fa\u0165a\u017ee o miestenku v paralel slalome.<\/td>\n<\/tr>\n<tr>\n<td class=\"align-center\" style=\"width: 113px;\" rowspan=\"1\">12:30 &#8211; 13:00<\/td>\n<td class=\"align-center\" style=\"width: 66px;\" rowspan=\"1\">Priehyba<\/td>\n<td style=\"width: 402px;\" rowspan=\"1\">Vy\u017erebovanie v\u00fdhercu miestenky v paralel slalome.<\/td>\n<\/tr>\n<tr>\n<td class=\"align-center\" style=\"width: 113px;\" rowspan=\"1\">13:00<\/td>\n<td class=\"align-center\" style=\"width: 66px;\" rowspan=\"1\">Priehyba<\/td>\n<td style=\"width: 402px;\" rowspan=\"1\">Pr\u00edchod Veroniky Velez Zuzulovej.<\/td>\n<\/tr>\n<tr>\n<td class=\"align-center\" style=\"width: 113px;\" rowspan=\"1\">13:30 &#8211; 14:30<\/td>\n<td class=\"align-center\" style=\"width: 66px;\" rowspan=\"1\">Priehyba<\/td>\n<td style=\"width: 402px;\" rowspan=\"1\"><strong>Exhibi\u010dn\u00fd paraleln\u00fd slalom, zjazdovka 1a.<\/strong><\/td>\n<\/tr>\n<tr>\n<td class=\"align-center\" style=\"width: 113px;\" rowspan=\"1\">14:30 &#8211; 15:30<\/td>\n<td class=\"align-center\" style=\"width: 66px;\" rowspan=\"1\">Priehyba<\/td>\n<td style=\"width: 402px;\" rowspan=\"1\"><strong>Autogrami\u00e1da Veroniky Velez Zuzulovej.<\/strong><\/td>\n<\/tr>\n<\/tbody>\n<\/table>\n<\/header>\n<div class=\"csc-textpic-text\">\n<h3 style=\"text-align: left;\"><strong>Veronika Velez Zuzulov\u00e1<\/strong><\/h3>\n<p class=\"align-justify\" style=\"text-align: justify;\"><img loading=\"lazy\" decoding=\"async\" class=\"size-medium wp-image-86528 alignright\" src=\"http:\/\/www.visitliptov.sk\/wp-content\/uploads\/2019\/04\/zuzu3.jpg\" alt=\"\" width=\"300\" height=\"169\" \/>sa narodila 15. j\u00fala 1984 v Bratislave. Od \u00fatleho detstva ju tr\u00e9nuje jej otec, b\u00fdval\u00fd ly\u017eiarsky pretek\u00e1r, Timotej Zuzula. Nieko\u013eko rokov boli spolu v malom rodinnom klube SkiZu Bratislava, nesk\u00f4r bola \u010dlenkou arm\u00e1dneho klubu Dukla Bansk\u00e1 Bystrica. Ako 14-ro\u010dn\u00e1 vyhrala obrovsk\u00fd slalom na neofici\u00e1lnych \u017eiackych majstrovstv\u00e1ch sveta, Trofeu Topolino. Od 16 rokoch \u0161tartuje v pretekoch Svetov\u00e9ho poh\u00e1ra. Dosiahla mno\u017estvo vynikaj\u00facich p\u00f3diov\u00fdch umiestnen\u00ed.<\/p>\n<p class=\"align-justify\" style=\"text-align: justify;\">Triumf\u00e1lny pre Veroniku bol rok 2016, kedy dosiahla a\u017e 6 p\u00f3diov\u00fdch umiestnen\u00ed v slalome svetov\u00e9ho poh\u00e1ra, jedno z umiestnen\u00ed bolo aj na dom\u00e1cej p\u00f4de v Jasnej na majstrovstv\u00e1ch sveta \u017eien. V roku 2012 sa Veronika vydala za Romaina Veleza, svojho tren\u00e9ra. Po\u010das kari\u00e9ry ju neobch\u00e1dzali ani komplik\u00e1cie a zranenia. Naposledy to bolo v\u00e1\u017ene zranenie kolena v septembri 2017. Aj napriek n\u00e1ro\u010dnej oper\u00e1cii a tvrdej rehabilit\u00e1cii sa Veronika op\u00e4\u0165 dok\u00e1zala postavi\u0165 na \u0161tart svetov\u00e9ho poh\u00e1ra v slalome vo \u0161vaj\u010diarskom Lenzerheide v janu\u00e1ri 2018.<\/p>\n<p class=\"align-justify\" style=\"text-align: justify;\">V marci 2018 sa predstavila na zimn\u00fdch olympijsk\u00fdch hr\u00e1ch v Pjong\u010dangu, kde bola vlajkonosi\u010dkou slovensk\u00e9ho olympijsk\u00e9ho t\u00edmu po\u010das sl\u00e1vnostn\u00e9ho otv\u00e1racieho ceremoni\u00e1lu. Veronika ukon\u010d\u00ed svoju vynikaj\u00facu kari\u00e9ru s ly\u017eiarskym svetom v marci 2018 v nemeckom Ofterschwangu na podujat\u00ed Svetov\u00e9ho poh\u00e1ra v slalome \u017eien. 7. apr\u00edla 2018 sa pr\u00edde rozl\u00fa\u010di\u0165 s dom\u00e1cimi fan\u00fa\u0161ikmi do Jasnej.<\/p>\n<\/div>\n<\/div>\n<\/div>\n<\/div>\n<p>&nbsp;<\/p>\n<\/div>\n<\/div>\n","protected":false},"author":15,"featured_media":73788,"template":"","podujatia-kategorie":[267],"lokalita":[],"class_list":["post-79222","podujatia","type-podujatia","status-publish","has-post-thumbnail","hentry","podujatia_kategorie-sport"],"acf":{"plan_interest":[],"plan_group_type":[],"plan_suitability":[],"plan_barrier_free":false,"plan_top":false,"plan_food":[],"plan_gps_lat":"","plan_gps_long":"","plan_gps_endpoint":"","event_start_date":"2018-04-07 00:00:00","event_end_date":"2018-04-07 23:59:59","event_all_day":true,"datumy_opakovanych_podujati":null,"event_cost":"","dobrovolne_vstupne":false,"event_discount":"","event_sell":"","event_website":"https:\/\/www.jasna.sk\/zazitky\/eventy\/go-zuzu-v-jasnej\/","facebook_event_url":"","extreny_link_text":"","extreny_link_url":"","poster":null,"documents":null,"venue_title":"Jasn\u00e1 N\u00edzke Tatry","venue_address":"","venue_city":"Dem\u00e4novsk\u00e1 dolina","venue_zip":"031 01","galeria":null,"search_top_keywords":"","is_top":false,"header_type":"nothing","rev_slider_alias":"","header_featureimage_title":"","header_featureimage_show_title":false,"header_featureimage_show_author":false},"wpml_translations_detailed":{"en":{"id":79222,"title":"GO ZUZU v Jasnej","url":"https:\/\/www.visitliptov.sk\/en\/event\/go-zuzu-jasnej\/","api_url":"https:\/\/www.visitliptov.sk\/en\/wp-json\/wp\/v2\/podujatia\/79222","status":"publish","excerpt":"NAJ\u00daSPE\u0160NEJ\u0160IA SLOVENSK\u00c1 LY\u017dIARKA VERONIKA VELEZ ZUZULOV\u00c1\u00a0 SA SO SVOJOU FENOMEN\u00c1LNOU KARI\u00c9ROU ROZL\u00da\u010cI V JASNEJ! SPOLO\u010cNOS\u0164 JEJ BUDE ROBI\u0164 RODINA, PRIATELIA, ...","content":"<p style=\"text-align: center;\"><strong>NAJ\u00daSPE\u0160NEJ\u0160IA SLOVENSK\u00c1 LY\u017dIARKA VERONIKA VELEZ ZUZULOV\u00c1\u00a0 SA SO SVOJOU FENOMEN\u00c1LNOU KARI\u00c9ROU ROZL\u00da\u010cI V JASNEJ! SPOLO\u010cNOS\u0164 JEJ BUDE ROBI\u0164 RODINA, PRIATELIA, LY\u017dIARKA PETRA VLHOV\u00c1, SPONZORI, A V NEPOSLEDNOM RADE JEJ FAN\u00da\u0160IKOVIA, KTOR\u00cd JU PO CEL\u00dd \u010cAS PODPOROVALI.<\/strong><\/p>\n<img class=\"aligncenter wp-image-86516 \" src=\"http:\/\/www.visitliptov.sk\/wp-content\/uploads\/2019\/04\/zuzu-1.jpg\" alt=\"\" width=\"549\" height=\"367\" \/>\n\n<header class=\"header-n2\">\n<h3 class=\"csc-header-alignment-center\" style=\"text-align: center;\"><strong>Exhibi\u010dn\u00fd paraleln\u00fd slalom<\/strong><\/h3>\n<\/header>\n<div class=\"csc-textpic csc-textpic-intext-right\">\n<div class=\"csc-textpic-text\">\n<p class=\"align-justify\" style=\"text-align: justify;\"><img class=\"size-full wp-image-86520 alignright\" src=\"http:\/\/www.visitliptov.sk\/wp-content\/uploads\/2019\/04\/zuzu1.jpg\" alt=\"\" width=\"283\" height=\"178\" \/>7. apr\u00edla na Priehybe\u00a0sa bude jazdi\u0165 div\u00e1cky ve\u013emi atrakt\u00edvny paraleln\u00fd slalom, ktor\u00e9ho hlavnou akt\u00e9rkou bude ako inak\u00a0<strong>Veronika Velez Zuzulov\u00e1<\/strong>.\u00a0Veronika vyzvala osoby, ktor\u00e9 pre \u0148u ve\u013ea znamenaj\u00fa, \u010di u\u017e v s\u00fakromnom alebo profesion\u00e1lnom \u017eivote. S ka\u017edou z nich si zas\u00fa\u0165a\u017e\u00ed medzi br\u00e1nami paralel slalomu. Medzi jednotliv\u00fdmi jazdami sa m\u00f4\u017eete te\u0161i\u0165 na zauj\u00edmav\u00e9 rozhovory s Veronikou a jej hos\u0165ami, ktor\u00fdmi bude prev\u00e1dza\u0165 v\u00fdborn\u00fd \u0161portov\u00fd moder\u00e1tor\u00a0<strong>Sl\u00e1vo Jurko<\/strong>.<\/p>\n\n<header class=\"header-n3\">\n<h3 class=\"csc-header-alignment-center\"><strong>Vyhrajte miestenku v paralelnom slalome!<\/strong><\/h3>\n<\/header>\n<div class=\"csc-textpic-text\">\n<p class=\"align-justify\" style=\"text-align: justify;\"><strong>Veronika myslela aj na svojich fan\u00fa\u0161ikov a jedn\u00e9mu z v\u00e1s umo\u017en\u00ed si zajazdi\u0165 bok po boku paraleln\u00fd slalom!<\/strong>\u00a0Miestenku na paraleln\u00fd slalom z\u00edskate, ak sa zaregistrujete na Priehybe v de\u0148 konania preteku 7. apr\u00edla od 09.00 do 12.30. Pred pretekom vy\u017erebujeme jedn\u00e9ho z fan\u00fa\u0161ikov, ktor\u00fd sa postav\u00ed na \u0161tart paraleln\u00e9ho slalomu priamo s Veronikou. \u0160ancu na jedine\u010dn\u00fd z\u00e1\u017eitok, ktor\u00fd sa u\u017e nezopakuje, m\u00e1 \u00faplne ka\u017ed\u00fd! Do Jasnej sa ur\u010dite oplat\u00ed pr\u00eds\u0165.<\/p>\n\n<header class=\"header-n4\">\n<h3 class=\"csc-header-alignment-center\" style=\"text-align: center;\"><strong><img class=\"alignleft wp-image-86524\" src=\"http:\/\/www.visitliptov.sk\/wp-content\/uploads\/2019\/04\/zuzu2.jpg\" alt=\"\" width=\"229\" height=\"154\" \/>Autogrami\u00e1da Veroniky Velez Zuzulovej<\/strong><\/h3>\n<\/header>\n<div class=\"csc-textpic csc-textpic-intext-right\">\n<div class=\"csc-textpic-text\">\n<p class=\"align-justify\" style=\"text-align: justify;\">Fan\u00fa\u0161ikovia Veroniky sa po odjazden\u00ed paraleln\u00e9ho slalomu m\u00f4\u017eu te\u0161i\u0165 na jej\u00a0<strong>autogrami\u00e1du<\/strong>. T\u00e1 sa bude kona\u0165\u00a0na Priehybe v \u010dase <strong>od 14.30 do 15.30<\/strong>. Nezme\u0161kajte pr\u00edle\u017eitos\u0165 osobne sa stretn\u00fa\u0165 so skvelou slovenskou ly\u017eiarkou a odnies\u0165 si domov cenn\u00fa spomienku v podobe podpis karty, fotografie a najm\u00e4 skvel\u00e9ho pocitu z osobn\u00e9ho stretnutia s \u0148ou.<\/p>\n\n<header class=\"header-n6\">\n<h3 class=\"csc-header-alignment-center\"><strong>GO ZUZU v Jasnej program<\/strong><\/h3>\n<table class=\"contenttable\" style=\"width: 597px;\" summary=\"\">\n<thead>\n<tr>\n<th class=\"align-center\" style=\"width: 113px;\" scope=\"col\"><strong>\u010cas\u00a0<\/strong><\/th>\n<th class=\"align-center\" style=\"width: 66px;\"><strong>Lokalita<\/strong><\/th>\n<th class=\"align-center\" style=\"width: 402px;\" scope=\"col\"><strong>Program<\/strong><\/th>\n<\/tr>\n<\/thead>\n<tbody>\n<tr>\n<td class=\"align-center\" style=\"width: 113px;\">09:00 - 12:30<\/td>\n<td class=\"align-center\" style=\"width: 66px;\">Priehyba<\/td>\n<td style=\"width: 402px;\">Registr\u00e1cia do s\u00fa\u0165a\u017ee o miestenku v paralel slalome.<\/td>\n<\/tr>\n<tr>\n<td class=\"align-center\" style=\"width: 113px;\" rowspan=\"1\">12:30 - 13:00<\/td>\n<td class=\"align-center\" style=\"width: 66px;\" rowspan=\"1\">Priehyba<\/td>\n<td style=\"width: 402px;\" rowspan=\"1\">Vy\u017erebovanie v\u00fdhercu miestenky v paralel slalome.<\/td>\n<\/tr>\n<tr>\n<td class=\"align-center\" style=\"width: 113px;\" rowspan=\"1\">13:00<\/td>\n<td class=\"align-center\" style=\"width: 66px;\" rowspan=\"1\">Priehyba<\/td>\n<td style=\"width: 402px;\" rowspan=\"1\">Pr\u00edchod Veroniky Velez Zuzulovej.<\/td>\n<\/tr>\n<tr>\n<td class=\"align-center\" style=\"width: 113px;\" rowspan=\"1\">13:30 - 14:30<\/td>\n<td class=\"align-center\" style=\"width: 66px;\" rowspan=\"1\">Priehyba<\/td>\n<td style=\"width: 402px;\" rowspan=\"1\"><strong>Exhibi\u010dn\u00fd paraleln\u00fd slalom, zjazdovka 1a.<\/strong><\/td>\n<\/tr>\n<tr>\n<td class=\"align-center\" style=\"width: 113px;\" rowspan=\"1\">14:30 - 15:30<\/td>\n<td class=\"align-center\" style=\"width: 66px;\" rowspan=\"1\">Priehyba<\/td>\n<td style=\"width: 402px;\" rowspan=\"1\"><strong>Autogrami\u00e1da Veroniky Velez Zuzulovej.<\/strong><\/td>\n<\/tr>\n<\/tbody>\n<\/table>\n<\/header>\n<div class=\"csc-textpic-text\">\n<h3 style=\"text-align: left;\"><strong>Veronika Velez Zuzulov\u00e1<\/strong><\/h3>\n<p class=\"align-justify\" style=\"text-align: justify;\"><img class=\"size-medium wp-image-86528 alignright\" src=\"http:\/\/www.visitliptov.sk\/wp-content\/uploads\/2019\/04\/zuzu3.jpg\" alt=\"\" width=\"300\" height=\"169\" \/>sa narodila 15. j\u00fala 1984 v Bratislave. Od \u00fatleho detstva ju tr\u00e9nuje jej otec, b\u00fdval\u00fd ly\u017eiarsky pretek\u00e1r, Timotej Zuzula. Nieko\u013eko rokov boli spolu v malom rodinnom klube SkiZu Bratislava, nesk\u00f4r bola \u010dlenkou arm\u00e1dneho klubu Dukla Bansk\u00e1 Bystrica. Ako 14-ro\u010dn\u00e1 vyhrala obrovsk\u00fd slalom na neofici\u00e1lnych \u017eiackych majstrovstv\u00e1ch sveta, Trofeu Topolino. Od 16 rokoch \u0161tartuje v pretekoch Svetov\u00e9ho poh\u00e1ra. Dosiahla mno\u017estvo vynikaj\u00facich p\u00f3diov\u00fdch umiestnen\u00ed.<\/p>\n<p class=\"align-justify\" style=\"text-align: justify;\">Triumf\u00e1lny pre Veroniku bol rok 2016, kedy dosiahla a\u017e 6 p\u00f3diov\u00fdch umiestnen\u00ed v slalome svetov\u00e9ho poh\u00e1ra, jedno z umiestnen\u00ed bolo aj na dom\u00e1cej p\u00f4de v Jasnej na majstrovstv\u00e1ch sveta \u017eien. V roku 2012 sa Veronika vydala za Romaina Veleza, svojho tren\u00e9ra. Po\u010das kari\u00e9ry ju neobch\u00e1dzali ani komplik\u00e1cie a zranenia. Naposledy to bolo v\u00e1\u017ene zranenie kolena v septembri 2017. Aj napriek n\u00e1ro\u010dnej oper\u00e1cii a tvrdej rehabilit\u00e1cii sa Veronika op\u00e4\u0165 dok\u00e1zala postavi\u0165 na \u0161tart svetov\u00e9ho poh\u00e1ra v slalome vo \u0161vaj\u010diarskom Lenzerheide v janu\u00e1ri 2018.<\/p>\n<p class=\"align-justify\" style=\"text-align: justify;\">V marci 2018 sa predstavila na zimn\u00fdch olympijsk\u00fdch hr\u00e1ch v Pjong\u010dangu, kde bola vlajkonosi\u010dkou slovensk\u00e9ho olympijsk\u00e9ho t\u00edmu po\u010das sl\u00e1vnostn\u00e9ho otv\u00e1racieho ceremoni\u00e1lu. Veronika ukon\u010d\u00ed svoju vynikaj\u00facu kari\u00e9ru s ly\u017eiarskym svetom v marci 2018 v nemeckom Ofterschwangu na podujat\u00ed Svetov\u00e9ho poh\u00e1ra v slalome \u017eien. 7. apr\u00edla 2018 sa pr\u00edde rozl\u00fa\u010di\u0165 s dom\u00e1cimi fan\u00fa\u0161ikmi do Jasnej.<\/p>\n\n<\/div>\n<\/div>\n<\/div>\n<\/div>\n&nbsp;\n\n<\/div>\n<\/div>","featured_media":73788,"featured_media_url":"https:\/\/www.visitliptov.sk\/wp-content\/uploads\/2019\/04\/veronika-425x600.png","images_gallery_urls":[],"poster":"","poster_url":null,"documents":[],"fotka_1_url":null,"fotka_2_url":null,"fotka_3_url":null,"fotka_4_url":null,"fotka_5_url":null,"fotka_6_url":null,"fotka_7_url":null,"fotka_8_url":null},"ru":{"id":79559,"title":"GO ZUZU v Jasnej","url":"https:\/\/www.visitliptov.sk\/ru\/podujatie\/go-zuzu-jasnej\/","api_url":"https:\/\/www.visitliptov.sk\/en\/wp-json\/wp\/v2\/podujatia\/79559","status":"publish","excerpt":"NAJ\u00daSPE\u0160NEJ\u0160IA SLOVENSK\u00c1 LY\u017dIARKA VERONIKA VELEZ ZUZULOV\u00c1\u00a0 SA SO SVOJOU FENOMEN\u00c1LNOU KARI\u00c9ROU ROZL\u00da\u010cI V JASNEJ! SPOLO\u010cNOS\u0164 JEJ BUDE ROBI\u0164 RODINA, PRIATELIA, ...","content":"<p style=\"text-align: center;\"><strong>NAJ\u00daSPE\u0160NEJ\u0160IA SLOVENSK\u00c1 LY\u017dIARKA VERONIKA VELEZ ZUZULOV\u00c1\u00a0 SA SO SVOJOU FENOMEN\u00c1LNOU KARI\u00c9ROU ROZL\u00da\u010cI V JASNEJ! SPOLO\u010cNOS\u0164 JEJ BUDE ROBI\u0164 RODINA, PRIATELIA, LY\u017dIARKA PETRA VLHOV\u00c1, SPONZORI, A V NEPOSLEDNOM RADE JEJ FAN\u00da\u0160IKOVIA, KTOR\u00cd JU PO CEL\u00dd \u010cAS PODPOROVALI.<\/strong><\/p>\n<a href=\"http:\/\/www.visitliptov.sk\/wp-content\/uploads\/2019\/04\/veronika.png\"><img class=\" wp-image-87865 aligncenter\" src=\"http:\/\/www.visitliptov.sk\/wp-content\/uploads\/2019\/04\/veronika.png\" alt=\"\" width=\"316\" height=\"446\" \/><\/a>\n\n&nbsp;\n\n<header class=\"header-n2\">\n<h3 class=\"csc-header-alignment-center\" style=\"text-align: center;\"><strong>Exhibi\u010dn\u00fd paraleln\u00fd slalom<\/strong><\/h3>\n<\/header>\n<div class=\"csc-textpic csc-textpic-intext-right\">\n<div class=\"csc-textpic-text\">\n<p class=\"align-justify\" style=\"text-align: justify;\"><img class=\"size-full wp-image-86520 alignright\" src=\"http:\/\/www.visitliptov.sk\/wp-content\/uploads\/2019\/04\/zuzu1.jpg\" alt=\"\" width=\"283\" height=\"178\" \/>7. apr\u00edla na Priehybe\u00a0sa bude jazdi\u0165 div\u00e1cky ve\u013emi atrakt\u00edvny paraleln\u00fd slalom, ktor\u00e9ho hlavnou akt\u00e9rkou bude ako inak\u00a0<strong>Veronika Velez Zuzulov\u00e1<\/strong>.\u00a0Veronika vyzvala osoby, ktor\u00e9 pre \u0148u ve\u013ea znamenaj\u00fa, \u010di u\u017e v s\u00fakromnom alebo profesion\u00e1lnom \u017eivote. S ka\u017edou z nich si zas\u00fa\u0165a\u017e\u00ed medzi br\u00e1nami paralel slalomu. Medzi jednotliv\u00fdmi jazdami sa m\u00f4\u017eete te\u0161i\u0165 na zauj\u00edmav\u00e9 rozhovory s Veronikou a jej hos\u0165ami, ktor\u00fdmi bude prev\u00e1dza\u0165 v\u00fdborn\u00fd \u0161portov\u00fd moder\u00e1tor\u00a0<strong>Sl\u00e1vo Jurko<\/strong>.<\/p>\n\n<header class=\"header-n3\">\n<h3 class=\"csc-header-alignment-center\"><strong>Vyhrajte miestenku v paralelnom slalome!<\/strong><\/h3>\n<\/header>\n<div class=\"csc-textpic-text\">\n<p class=\"align-justify\" style=\"text-align: justify;\"><strong>Veronika myslela aj na svojich fan\u00fa\u0161ikov a jedn\u00e9mu z v\u00e1s umo\u017en\u00ed si zajazdi\u0165 bok po boku paraleln\u00fd slalom!<\/strong>\u00a0Miestenku na paraleln\u00fd slalom z\u00edskate, ak sa zaregistrujete na Priehybe v de\u0148 konania preteku 7. apr\u00edla od 09.00 do 12.30. Pred pretekom vy\u017erebujeme jedn\u00e9ho z fan\u00fa\u0161ikov, ktor\u00fd sa postav\u00ed na \u0161tart paraleln\u00e9ho slalomu priamo s Veronikou. \u0160ancu na jedine\u010dn\u00fd z\u00e1\u017eitok, ktor\u00fd sa u\u017e nezopakuje, m\u00e1 \u00faplne ka\u017ed\u00fd! Do Jasnej sa ur\u010dite oplat\u00ed pr\u00eds\u0165.<\/p>\n\n<header class=\"header-n4\">\n<h3 class=\"csc-header-alignment-center\" style=\"text-align: center;\"><strong><img class=\"alignleft wp-image-86524\" src=\"http:\/\/www.visitliptov.sk\/wp-content\/uploads\/2019\/04\/zuzu2.jpg\" alt=\"\" width=\"229\" height=\"154\" \/>Autogrami\u00e1da Veroniky Velez Zuzulovej<\/strong><\/h3>\n<\/header>\n<div class=\"csc-textpic csc-textpic-intext-right\">\n<div class=\"csc-textpic-text\">\n<p class=\"align-justify\" style=\"text-align: justify;\">Fan\u00fa\u0161ikovia Veroniky sa po odjazden\u00ed paraleln\u00e9ho slalomu m\u00f4\u017eu te\u0161i\u0165 na jej\u00a0<strong>autogrami\u00e1du<\/strong>. T\u00e1 sa bude kona\u0165\u00a0na Priehybe v \u010dase <strong>od 14.30 do 15.30<\/strong>. Nezme\u0161kajte pr\u00edle\u017eitos\u0165 osobne sa stretn\u00fa\u0165 so skvelou slovenskou ly\u017eiarkou a odnies\u0165 si domov cenn\u00fa spomienku v podobe podpis karty, fotografie a najm\u00e4 skvel\u00e9ho pocitu z osobn\u00e9ho stretnutia s \u0148ou.<\/p>\n\n<header class=\"header-n6\">\n<h3 class=\"csc-header-alignment-center\"><strong>GO ZUZU v Jasnej program<\/strong><\/h3>\n<table class=\"contenttable\" style=\"width: 597px;\" summary=\"\">\n<thead>\n<tr>\n<th class=\"align-center\" style=\"width: 113px;\" scope=\"col\"><strong>\u010cas\u00a0<\/strong><\/th>\n<th class=\"align-center\" style=\"width: 66px;\"><strong>Lokalita<\/strong><\/th>\n<th class=\"align-center\" style=\"width: 402px;\" scope=\"col\"><strong>Program<\/strong><\/th>\n<\/tr>\n<\/thead>\n<tbody>\n<tr>\n<td class=\"align-center\" style=\"width: 113px;\">09:00 - 12:30<\/td>\n<td class=\"align-center\" style=\"width: 66px;\">Priehyba<\/td>\n<td style=\"width: 402px;\">Registr\u00e1cia do s\u00fa\u0165a\u017ee o miestenku v paralel slalome.<\/td>\n<\/tr>\n<tr>\n<td class=\"align-center\" style=\"width: 113px;\" rowspan=\"1\">12:30 - 13:00<\/td>\n<td class=\"align-center\" style=\"width: 66px;\" rowspan=\"1\">Priehyba<\/td>\n<td style=\"width: 402px;\" rowspan=\"1\">Vy\u017erebovanie v\u00fdhercu miestenky v paralel slalome.<\/td>\n<\/tr>\n<tr>\n<td class=\"align-center\" style=\"width: 113px;\" rowspan=\"1\">13:00<\/td>\n<td class=\"align-center\" style=\"width: 66px;\" rowspan=\"1\">Priehyba<\/td>\n<td style=\"width: 402px;\" rowspan=\"1\">Pr\u00edchod Veroniky Velez Zuzulovej.<\/td>\n<\/tr>\n<tr>\n<td class=\"align-center\" style=\"width: 113px;\" rowspan=\"1\">13:30 - 14:30<\/td>\n<td class=\"align-center\" style=\"width: 66px;\" rowspan=\"1\">Priehyba<\/td>\n<td style=\"width: 402px;\" rowspan=\"1\"><strong>Exhibi\u010dn\u00fd paraleln\u00fd slalom, zjazdovka 1a.<\/strong><\/td>\n<\/tr>\n<tr>\n<td class=\"align-center\" style=\"width: 113px;\" rowspan=\"1\">14:30 - 15:30<\/td>\n<td class=\"align-center\" style=\"width: 66px;\" rowspan=\"1\">Priehyba<\/td>\n<td style=\"width: 402px;\" rowspan=\"1\"><strong>Autogrami\u00e1da Veroniky Velez Zuzulovej.<\/strong><\/td>\n<\/tr>\n<\/tbody>\n<\/table>\n<\/header>\n<div class=\"csc-textpic-text\">\n<h3 style=\"text-align: left;\"><strong>Veronika Velez Zuzulov\u00e1<\/strong><\/h3>\n<p class=\"align-justify\" style=\"text-align: justify;\"><img class=\"size-medium wp-image-86528 alignright\" src=\"http:\/\/www.visitliptov.sk\/wp-content\/uploads\/2019\/04\/zuzu3.jpg\" alt=\"\" width=\"300\" height=\"169\" \/>sa narodila 15. j\u00fala 1984 v Bratislave. Od \u00fatleho detstva ju tr\u00e9nuje jej otec, b\u00fdval\u00fd ly\u017eiarsky pretek\u00e1r, Timotej Zuzula. Nieko\u013eko rokov boli spolu v malom rodinnom klube SkiZu Bratislava, nesk\u00f4r bola \u010dlenkou arm\u00e1dneho klubu Dukla Bansk\u00e1 Bystrica. Ako 14-ro\u010dn\u00e1 vyhrala obrovsk\u00fd slalom na neofici\u00e1lnych \u017eiackych majstrovstv\u00e1ch sveta, Trofeu Topolino. Od 16 rokoch \u0161tartuje v pretekoch Svetov\u00e9ho poh\u00e1ra. Dosiahla mno\u017estvo vynikaj\u00facich p\u00f3diov\u00fdch umiestnen\u00ed.<\/p>\n<p class=\"align-justify\" style=\"text-align: justify;\">Triumf\u00e1lny pre Veroniku bol rok 2016, kedy dosiahla a\u017e 6 p\u00f3diov\u00fdch umiestnen\u00ed v slalome svetov\u00e9ho poh\u00e1ra, jedno z umiestnen\u00ed bolo aj na dom\u00e1cej p\u00f4de v Jasnej na majstrovstv\u00e1ch sveta \u017eien. V roku 2012 sa Veronika vydala za Romaina Veleza, svojho tren\u00e9ra. Po\u010das kari\u00e9ry ju neobch\u00e1dzali ani komplik\u00e1cie a zranenia. Naposledy to bolo v\u00e1\u017ene zranenie kolena v septembri 2017. Aj napriek n\u00e1ro\u010dnej oper\u00e1cii a tvrdej rehabilit\u00e1cii sa Veronika op\u00e4\u0165 dok\u00e1zala postavi\u0165 na \u0161tart svetov\u00e9ho poh\u00e1ra v slalome vo \u0161vaj\u010diarskom Lenzerheide v janu\u00e1ri 2018.<\/p>\n<p class=\"align-justify\" style=\"text-align: justify;\">V marci 2018 sa predstavila na zimn\u00fdch olympijsk\u00fdch hr\u00e1ch v Pjong\u010dangu, kde bola vlajkonosi\u010dkou slovensk\u00e9ho olympijsk\u00e9ho t\u00edmu po\u010das sl\u00e1vnostn\u00e9ho otv\u00e1racieho ceremoni\u00e1lu. Veronika ukon\u010d\u00ed svoju vynikaj\u00facu kari\u00e9ru s ly\u017eiarskym svetom v marci 2018 v nemeckom Ofterschwangu na podujat\u00ed Svetov\u00e9ho poh\u00e1ra v slalome \u017eien. 7. apr\u00edla 2018 sa pr\u00edde rozl\u00fa\u010di\u0165 s dom\u00e1cimi fan\u00fa\u0161ikmi do Jasnej.<\/p>\n\n<\/div>\n<\/div>\n<\/div>\n<\/div>\n&nbsp;\n\n<\/div>\n<\/div>","featured_media":73790,"featured_media_url":"https:\/\/www.visitliptov.sk\/wp-content\/uploads\/2019\/04\/veronika-425x600.png","images_gallery_urls":[],"poster":"","poster_url":null,"documents":[],"fotka_1_url":null,"fotka_2_url":null,"fotka_3_url":null,"fotka_4_url":null,"fotka_5_url":null,"fotka_6_url":null,"fotka_7_url":null,"fotka_8_url":null}},"_links":{"self":[{"href":"https:\/\/www.visitliptov.sk\/en\/wp-json\/wp\/v2\/podujatia\/79222"}],"collection":[{"href":"https:\/\/www.visitliptov.sk\/en\/wp-json\/wp\/v2\/podujatia"}],"about":[{"href":"https:\/\/www.visitliptov.sk\/en\/wp-json\/wp\/v2\/types\/podujatia"}],"author":[{"embeddable":true,"href":"https:\/\/www.visitliptov.sk\/en\/wp-json\/wp\/v2\/users\/15"}],"version-history":[{"count":0,"href":"https:\/\/www.visitliptov.sk\/en\/wp-json\/wp\/v2\/podujatia\/79222\/revisions"}],"wp:featuredmedia":[{"embeddable":true,"href":"https:\/\/www.visitliptov.sk\/en\/wp-json\/wp\/v2\/media\/73788"}],"wp:attachment":[{"href":"https:\/\/www.visitliptov.sk\/en\/wp-json\/wp\/v2\/media?parent=79222"}],"wp:term":[{"taxonomy":"podujatia_kategorie","embeddable":true,"href":"https:\/\/www.visitliptov.sk\/en\/wp-json\/wp\/v2\/podujatia-kategorie?post=79222"},{"taxonomy":"lokalita","embeddable":true,"href":"https:\/\/www.visitliptov.sk\/en\/wp-json\/wp\/v2\/lokalita?post=79222"}],"curies":[{"name":"wp","href":"https:\/\/api.w.org\/{rel}","templated":true}]}}