{"id":622182,"date":"2024-09-24T14:22:46","date_gmt":"2024-09-24T12:22:46","guid":{"rendered":"https:\/\/www.visitliptov.sk\/podujatie\/winter-jasna-opening-2023-kopia\/"},"modified":"2024-09-24T14:49:41","modified_gmt":"2024-09-24T12:49:41","slug":"winter-jasna-opening-2024","status":"publish","type":"podujatia","link":"https:\/\/www.visitliptov.sk\/en\/event\/winter-jasna-opening-2024\/","title":{"rendered":"Winter Jasn\u00e1 Opening 2024"},"content":{"rendered":"\n<h2 class=\"wp-block-heading\">Disco Story Edition<\/h2>\n\n\n\n<p><span><\/span><strong>Return to the 80s and traditional Czechoslovak cuisine of the 80s!<\/strong><a href=\"https:\/\/www.jasna.sk\/en\/activities\/events\/winter-jasna-opening-1?originalreferrer=https:\/\/www.jasna.sk\/\"><\/a><\/p>\n\n\n\n<p><span>We are opening\u00a0<\/span><strong>the new 2024\/25 ski season<\/strong><span>\u00a0in Jasn\u00e1 during the\u00a0<\/span><strong>last weekend of November<\/strong><span>! This year, we are partying in\u00a0<\/span><strong>retro style<\/strong><span>\u00a0with amazing\u00a0<\/span><strong>Michal David\u00a0<\/strong><span>at the\u00a0<\/span><strong>Disco Story edition<\/strong><span>, and you can expect a grand opening with a varied day and evening programme starting on\u00a0<\/span><strong>Friday, 29th November 2024.<\/strong><\/p>\n\n\n\n<p><span><\/span><strong>You simply cannot miss this!<\/strong><\/p>\n\n\n<div class=\"accordion-acf\">\r\n  <div id=\"\" class=\"accordion\">\r\n    <a href=\"#\" class=\"accordion-title\">\r\n      <span class=\"icon-plus\"><span><\/span><\/span>\r\n      Programme    <\/a>\r\n\t\t<div class=\"accordion-content\" >\r\n      <p><span><\/span><strong>FRIDAY<\/strong><\/p>\n<p class=\"text-center\" style=\"text-align: left;\">Get ready for a unique\u00a0<strong>Oldies Party<\/strong><span>\u00a0with\u00a0<\/span><strong>Radio Vlna<\/strong><span>\u00a0on Friday that will definitely keep you dancing! Famous hits and a great atmosphere in the entire\u00a0<\/span><strong>Crystal Bar<\/strong><span>, and it&#8217;s even\u00a0<\/span><strong>FREE of charge<\/strong>.<\/p>\n<p><span><\/span><strong>SATURDAY<\/strong><\/p>\n<p class=\"text-center\" style=\"text-align: left;\">We will be dancing at\u00a0<strong>the all-day party<\/strong><span>\u00a0in front of the\u00a0<\/span><strong>Crystal Bar<\/strong><span>\u00a0all day long and the programme will culminate with\u00a0<\/span><strong>the grand WINTER JASN\u00c1 OPENING<\/strong><span>\u00a0\u2013 DISCO STORY EDITION party on Saturday evening. Legendary\u00a0<\/span><strong>Michal David<\/strong><span>\u00a0and his catchy\u00a0<\/span><strong>retro hits<\/strong><span>\u00a0will get the entire Jasn\u00e1 resort dancing! During the weekend, Czech actor, model and singer\u00a0<\/span><strong>Sagvan Tofi<\/strong><span>\u00a0will also perform, along with the\u00a0<\/span><strong>Illuminate Night Party<\/strong><span>\u00a0(Lucca, Andrea Pomeje, and Mat\u011bj Ruppert), bringing an explosion of\u00a0<\/span><strong>dancing<\/strong><span>, great\u00a0<\/span><strong>fun\u00a0<\/strong><span>and perfectly complementing the fantastic\u00a0<\/span><strong>atmosphere<\/strong>\u00a0of the Winter Jasn\u00e1 Opening!<\/p>\n<div id=\"c329546\" class=\"frame frame-default frame-type-textpic frame-layout-0\">\n<div class=\"ce-textpic ce-left ce-intext ce-nowrap\">\n<div class=\"ce-bodytext\">\n<h5 class=\"text-justify\" style=\"text-align: left;\"><strong>*<\/strong>Programme subject to change<\/h5>\n<\/div>\n<\/div>\n<\/div>\n<div id=\"c329554\" class=\"frame frame-default frame-type-textpic frame-layout-0\">\n<p style=\"text-align: left;\">The first day of the ski season will also include a\u00a0<strong>presentation of our partners<\/strong><span>\u00a0at the village, where visitors can\u00a0<\/span><strong>try out<\/strong><span>\u00a0their products.\u00a0<\/span><strong>The partner village<\/strong><span>\u00a0is going to be available to guests on\u00a0<\/span><strong>30th November<\/strong><span>\u00a02024 from\u00a0<\/span><strong>8:30 am<\/strong>.<\/p>\n<div class=\"ce-textpic ce-center ce-above\">\n<div class=\"ce-bodytext\"><\/div>\n<\/div>\n<\/div>\n    <\/div>\r\n\t<\/div>\r\n  <div id=\"\" class=\"accordion\">\r\n    <a href=\"#\" class=\"accordion-title\">\r\n      <span class=\"icon-plus\"><span><\/span><\/span>\r\n      Tickets    <\/a>\r\n\t\t<div class=\"accordion-content\" >\r\n      <div id=\"c220561\" class=\"frame frame-default frame-type-textpic frame-layout-0\">\n<div class=\"ce-textpic ce-center ce-above\">\n<div class=\"ce-bodytext\">\n<div class=\"table-responsive\">\n<table style=\"height: 94px;\" width=\"769\">\n<tbody>\n<tr>\n<td class=\"text-center\" style=\"padding-left: 80px;\"><\/td>\n<td class=\"text-center\"><strong>Wave 2<\/strong><\/td>\n<td class=\"text-center\"><strong>Wave 3<\/strong><\/td>\n<td class=\"text-center\"><strong>Wave 4<\/strong><\/td>\n<td class=\"text-center\"><strong>offline<\/strong><\/td>\n<\/tr>\n<tr>\n<td><strong>PUBLIC tickets<\/strong><\/td>\n<td class=\"text-center\"><strong>39 \u20ac<\/strong><\/td>\n<td class=\"text-center\">\u00a0<strong>49\u00a0\u20ac<\/strong><\/td>\n<td class=\"text-center\"><strong>59\u20ac<\/strong><\/td>\n<td class=\"text-center\"><strong>79 \u20ac<\/strong><\/td>\n<\/tr>\n<tr>\n<td><strong>VIP tickets<\/strong><\/td>\n<td class=\"text-center\"><strong>89 \u20ac<\/strong><\/td>\n<td class=\"text-center\">\u00a0<strong>99\u00a0\u20ac<\/strong><\/td>\n<td class=\"text-center\"><strong>119\u20ac<\/strong><\/td>\n<td class=\"text-center\"><strong>189 \u20ac<\/strong><\/td>\n<\/tr>\n<\/tbody>\n<\/table>\n<p>&nbsp;<\/p>\n<\/div>\n<\/div>\n<\/div>\n<\/div>\n<div id=\"c224049\" class=\"frame frame-default frame-type-textpic frame-layout-0\">\n<div class=\"ce-textpic ce-center ce-above\">\n<div class=\"ce-bodytext\">\n<p class=\"text-justify\">Every\u00a0<strong>PUBLIC ticket<\/strong>\u00a0includes access to the Winter Jasn\u00e1 Opening party in the lower Happy End section.<\/p>\n<p class=\"text-justify\">Every\u00a0<strong>VIP ticket<\/strong>\u00a0includes a welcome drink, access to the Winter Jasn\u00e1 Opening party in the upper Happy End section and a VIP party with a DJ at Crystal Bar.\u00a0In the VIP area, refreshments inspired by traditional Czechoslovak cuisine of the 1980s will be available.<\/p>\n<\/div>\n<\/div>\n<\/div>\n    <\/div>\r\n\t<\/div>\r\n<\/div>\r\n\n\n\n<p><\/p>\n\n\n\n<figure class=\"wp-block-embed is-type-video is-provider-youtube wp-block-embed-youtube wp-embed-aspect-16-9 wp-has-aspect-ratio\"><div class=\"wp-block-embed__wrapper\">\n<iframe loading=\"lazy\" title=\"Winter Jasn\u00e1 Opening - Diskopr\u00edbeh ed\u00edcia\" width=\"500\" height=\"281\" src=\"https:\/\/www.youtube.com\/embed\/PjKTxuBOHmQ?feature=oembed\" frameborder=\"0\" allow=\"accelerometer; autoplay; clipboard-write; encrypted-media; gyroscope; picture-in-picture; web-share\" referrerpolicy=\"strict-origin-when-cross-origin\" allowfullscreen><\/iframe>\n<\/div><\/figure>\n<div class=\"cookieconsent-optout-marketing\">Please, to view the video,  <a href=\"javascript:Cookiebot.renew()\">accept marketing cookies.<\/a> <\/div>","protected":false},"author":15,"featured_media":622202,"template":"","podujatia-kategorie":[481,416],"lokalita":[356],"class_list":["post-622182","podujatia","type-podujatia","status-publish","has-post-thumbnail","hentry","podujatia_kategorie-hory-en","podujatia_kategorie-cultural-events","lokalita-jasna-en"],"acf":{"plan_interest":"","plan_group_type":"","plan_suitability":"","plan_barrier_free":false,"plan_top":"0","plan_food":"","plan_gps_lat":"","plan_gps_long":"","plan_gps_endpoint":"","event_start_date":"2024-11-30 20:00:00","event_end_date":"2024-12-01 03:00:00","event_all_day":false,"datumy_opakovanych_podujati":null,"event_cost":"39","dobrovolne_vstupne":false,"event_discount":"","event_sell":"https:\/\/www.gopass.travel\/EN\/homepage\/jasna\/experiences\/detail?idprice=315888","event_website":"https:\/\/www.jasna.sk\/en\/activities\/events\/winter-jasna-opening-1","facebook_event_url":"","extreny_link_text":"","extreny_link_url":"","poster":622194,"documents":null,"venue_title":"Jasn\u00e1","venue_address":"Happy End Jasn\u00e1","venue_city":"Dem\u00e4novsk\u00e1 dolina","venue_zip":"031 01","galeria":null,"search_top_keywords":"","is_top":true,"header_type":"nothing","rev_slider_alias":"","header_featureimage_title":"","header_featureimage_show_title":false,"header_featureimage_show_author":false},"wpml_translations_detailed":{"en":{"id":622182,"title":"Winter Jasn\u00e1 Opening 2024","url":"https:\/\/www.visitliptov.sk\/en\/event\/winter-jasna-opening-2024\/","api_url":"https:\/\/www.visitliptov.sk\/en\/wp-json\/wp\/v2\/podujatia\/622182","status":"publish","excerpt":"Disco Story Edition Return to the 80s and traditional Czechoslovak cuisine of the 80s! We are opening\u00a0the new 2024\/25 ski ...","content":"<!-- wp:heading -->\n<h2 class=\"wp-block-heading\">Disco Story Edition<\/h2>\n<!-- \/wp:heading -->\n\n<!-- wp:paragraph -->\n<p><strong>Return to the 80s and traditional Czechoslovak cuisine of the 80s!<\/strong><a href=\"https:\/\/www.jasna.sk\/en\/activities\/events\/winter-jasna-opening-1?originalreferrer=https:\/\/www.jasna.sk\/\"><\/a><\/p>\n<!-- \/wp:paragraph -->\n\n<!-- wp:paragraph -->\n<p>We are opening\u00a0<strong>the new 2024\/25 ski season<\/strong>\u00a0in Jasn\u00e1 during the\u00a0<strong>last weekend of November<\/strong>! This year, we are partying in\u00a0<strong>retro style<\/strong>\u00a0with amazing\u00a0<strong>Michal David\u00a0<\/strong>at the\u00a0<strong>Disco Story edition<\/strong>, and you can expect a grand opening with a varied day and evening programme starting on\u00a0<strong>Friday, 29th November 2024.<\/strong><\/p>\n<!-- \/wp:paragraph -->\n\n<!-- wp:paragraph -->\n<p><strong>You simply cannot miss this!<\/strong><\/p>\n<!-- \/wp:paragraph -->\n\n<!-- wp:acf\/accordion {\"name\":\"acf\/accordion\",\"data\":{\"accordion_items_0_title\":\"Programme\",\"_accordion_items_0_title\":\"field_5c9214716a572\",\"accordion_items_0_content\":\"\\u003cstrong\\u003eFRIDAY\\u003c\/strong\\u003e\\r\\n\\u003cp class=\\u0022text-center\\u0022 style=\\u0022text-align: left;\\u0022\\u003eGet ready for a unique\u00a0\\u003cstrong\\u003eOldies Party\\u003c\/strong\\u003e\u00a0with\u00a0\\u003cstrong\\u003eRadio Vlna\\u003c\/strong\\u003e\u00a0on Friday that will definitely keep you dancing! Famous hits and a great atmosphere in the entire\u00a0\\u003cstrong\\u003eCrystal Bar\\u003c\/strong\\u003e, and it's even\u00a0\\u003cstrong\\u003eFREE of charge\\u003c\/strong\\u003e.\\u003c\/p\\u003e\\r\\n\\u003cstrong\\u003eSATURDAY\\u003c\/strong\\u003e\\r\\n\\u003cp class=\\u0022text-center\\u0022 style=\\u0022text-align: left;\\u0022\\u003eWe will be dancing at\u00a0\\u003cstrong\\u003ethe all-day party\\u003c\/strong\\u003e\u00a0in front of the\u00a0\\u003cstrong\\u003eCrystal Bar\\u003c\/strong\\u003e\u00a0all day long and the programme will culminate with\u00a0\\u003cstrong\\u003ethe grand WINTER JASN\u00c1 OPENING\\u003c\/strong\\u003e\u00a0\u2013 DISCO STORY EDITION party on Saturday evening. Legendary\u00a0\\u003cstrong\\u003eMichal David\\u003c\/strong\\u003e\u00a0and his catchy\u00a0\\u003cstrong\\u003eretro hits\\u003c\/strong\\u003e\u00a0will get the entire Jasn\u00e1 resort dancing! During the weekend, Czech actor, model and singer\u00a0\\u003cstrong\\u003eSagvan Tofi\\u003c\/strong\\u003e\u00a0will also perform, along with the\u00a0\\u003cstrong\\u003eIlluminate Night Party\\u003c\/strong\\u003e\u00a0(Lucca, Andrea Pomeje, and Mat\u011bj Ruppert), bringing an explosion of\u00a0\\u003cstrong\\u003edancing\\u003c\/strong\\u003e, great\u00a0\\u003cstrong\\u003efun\u00a0\\u003c\/strong\\u003eand perfectly complementing the fantastic\u00a0\\u003cstrong\\u003eatmosphere\\u003c\/strong\\u003e\u00a0of the Winter Jasn\u00e1 Opening!\\u003c\/p\\u003e\\r\\n\\r\\n\\u003cdiv id=\\u0022c329546\\u0022 class=\\u0022frame frame-default frame-type-textpic frame-layout-0\\u0022\\u003e\\r\\n\\u003cdiv class=\\u0022ce-textpic ce-left ce-intext ce-nowrap\\u0022\\u003e\\r\\n\\u003cdiv class=\\u0022ce-bodytext\\u0022\\u003e\\r\\n\\u003ch5 class=\\u0022text-justify\\u0022 style=\\u0022text-align: left;\\u0022\\u003e\\u003cstrong\\u003e*\\u003c\/strong\\u003eProgramme subject to change\\u003c\/h5\\u003e\\r\\n\\u003c\/div\\u003e\\r\\n\\u003c\/div\\u003e\\r\\n\\u003c\/div\\u003e\\r\\n\\u003cdiv id=\\u0022c329554\\u0022 class=\\u0022frame frame-default frame-type-textpic frame-layout-0\\u0022\\u003e\\r\\n\\u003cp style=\\u0022text-align: left;\\u0022\\u003eThe first day of the ski season will also include a\u00a0\\u003cstrong\\u003epresentation of our partners\\u003c\/strong\\u003e\u00a0at the village, where visitors can\u00a0\\u003cstrong\\u003etry out\\u003c\/strong\\u003e\u00a0their products.\u00a0\\u003cstrong\\u003eThe partner village\\u003c\/strong\\u003e\u00a0is going to be available to guests on\u00a0\\u003cstrong\\u003e30th November\\u003c\/strong\\u003e\u00a02024 from\u00a0\\u003cstrong\\u003e8:30 am\\u003c\/strong\\u003e.\\u003c\/p\\u003e\\r\\n\\r\\n\\u003cdiv class=\\u0022ce-textpic ce-center ce-above\\u0022\\u003e\\r\\n\\u003cdiv class=\\u0022ce-bodytext\\u0022\\u003e\\u003c\/div\\u003e\\r\\n\\u003c\/div\\u003e\\r\\n\\u003c\/div\\u003e\",\"_accordion_items_0_content\":\"field_5c9214826a573\",\"accordion_items_1_title\":\"Tickets\",\"_accordion_items_1_title\":\"field_5c9214716a572\",\"accordion_items_1_content\":\"\\u003cdiv id=\\u0022c220561\\u0022 class=\\u0022frame frame-default frame-type-textpic frame-layout-0\\u0022\\u003e\\r\\n\\u003cdiv class=\\u0022ce-textpic ce-center ce-above\\u0022\\u003e\\r\\n\\u003cdiv class=\\u0022ce-bodytext\\u0022\\u003e\\r\\n\\u003cdiv class=\\u0022table-responsive\\u0022\\u003e\\r\\n\\u003ctable style=\\u0022height: 94px;\\u0022 width=\\u0022769\\u0022\\u003e\\r\\n\\u003ctbody\\u003e\\r\\n\\u003ctr\\u003e\\r\\n\\u003ctd class=\\u0022text-center\\u0022 style=\\u0022padding-left: 80px;\\u0022\\u003e\\u003c\/td\\u003e\\r\\n\\u003ctd class=\\u0022text-center\\u0022\\u003e\\u003cstrong\\u003eWave 2\\u003c\/strong\\u003e\\u003c\/td\\u003e\\r\\n\\u003ctd class=\\u0022text-center\\u0022\\u003e\\u003cstrong\\u003eWave 3\\u003c\/strong\\u003e\\u003c\/td\\u003e\\r\\n\\u003ctd class=\\u0022text-center\\u0022\\u003e\\u003cstrong\\u003eWave 4\\u003c\/strong\\u003e\\u003c\/td\\u003e\\r\\n\\u003ctd class=\\u0022text-center\\u0022\\u003e\\u003cstrong\\u003eoffline\\u003c\/strong\\u003e\\u003c\/td\\u003e\\r\\n\\u003c\/tr\\u003e\\r\\n\\u003ctr\\u003e\\r\\n\\u003ctd\\u003e\\u003cstrong\\u003ePUBLIC tickets\\u003c\/strong\\u003e\\u003c\/td\\u003e\\r\\n\\u003ctd class=\\u0022text-center\\u0022\\u003e\\u003cstrong\\u003e39 \u20ac\\u003c\/strong\\u003e\\u003c\/td\\u003e\\r\\n\\u003ctd class=\\u0022text-center\\u0022\\u003e\u00a0\\u003cstrong\\u003e49\u00a0\u20ac\\u003c\/strong\\u003e\\u003c\/td\\u003e\\r\\n\\u003ctd class=\\u0022text-center\\u0022\\u003e\\u003cstrong\\u003e59\u20ac\\u003c\/strong\\u003e\\u003c\/td\\u003e\\r\\n\\u003ctd class=\\u0022text-center\\u0022\\u003e\\u003cstrong\\u003e79 \u20ac\\u003c\/strong\\u003e\\u003c\/td\\u003e\\r\\n\\u003c\/tr\\u003e\\r\\n\\u003ctr\\u003e\\r\\n\\u003ctd\\u003e\\u003cstrong\\u003eVIP tickets\\u003c\/strong\\u003e\\u003c\/td\\u003e\\r\\n\\u003ctd class=\\u0022text-center\\u0022\\u003e\\u003cstrong\\u003e89 \u20ac\\u003c\/strong\\u003e\\u003c\/td\\u003e\\r\\n\\u003ctd class=\\u0022text-center\\u0022\\u003e\u00a0\\u003cstrong\\u003e99\u00a0\u20ac\\u003c\/strong\\u003e\\u003c\/td\\u003e\\r\\n\\u003ctd class=\\u0022text-center\\u0022\\u003e\\u003cstrong\\u003e119\u20ac\\u003c\/strong\\u003e\\u003c\/td\\u003e\\r\\n\\u003ctd class=\\u0022text-center\\u0022\\u003e\\u003cstrong\\u003e189 \u20ac\\u003c\/strong\\u003e\\u003c\/td\\u003e\\r\\n\\u003c\/tr\\u003e\\r\\n\\u003c\/tbody\\u003e\\r\\n\\u003c\/table\\u003e\\r\\n\\u0026nbsp;\\r\\n\\r\\n\\u003c\/div\\u003e\\r\\n\\u003c\/div\\u003e\\r\\n\\u003c\/div\\u003e\\r\\n\\u003c\/div\\u003e\\r\\n\\u003cdiv id=\\u0022c224049\\u0022 class=\\u0022frame frame-default frame-type-textpic frame-layout-0\\u0022\\u003e\\r\\n\\u003cdiv class=\\u0022ce-textpic ce-center ce-above\\u0022\\u003e\\r\\n\\u003cdiv class=\\u0022ce-bodytext\\u0022\\u003e\\r\\n\\u003cp class=\\u0022text-justify\\u0022\\u003eEvery\u00a0\\u003cstrong\\u003ePUBLIC ticket\\u003c\/strong\\u003e\u00a0includes access to the Winter Jasn\u00e1 Opening party in the lower Happy End section.\\u003c\/p\\u003e\\r\\n\\u003cp class=\\u0022text-justify\\u0022\\u003eEvery\u00a0\\u003cstrong\\u003eVIP ticket\\u003c\/strong\\u003e\u00a0includes a welcome drink, access to the Winter Jasn\u00e1 Opening party in the upper Happy End section and a VIP party with a DJ at Crystal Bar.\u00a0In the VIP area, refreshments inspired by traditional Czechoslovak cuisine of the 1980s will be available.\\u003c\/p\\u003e\\r\\n\\r\\n\\u003c\/div\\u003e\\r\\n\\u003c\/div\\u003e\\r\\n\\u003c\/div\\u003e\",\"_accordion_items_1_content\":\"field_5c9214826a573\",\"accordion_items\":2,\"_accordion_items\":\"field_5c9214446a571\"},\"mode\":\"edit\"} \/-->\n\n<!-- wp:paragraph -->\n<p><\/p>\n<!-- \/wp:paragraph -->\n\n<!-- wp:embed {\"url\":\"https:\/\/www.youtube.com\/watch?v=PjKTxuBOHmQ\",\"type\":\"video\",\"providerNameSlug\":\"youtube\",\"responsive\":true,\"className\":\"wp-embed-aspect-16-9 wp-has-aspect-ratio\"} -->\n<figure class=\"wp-block-embed is-type-video is-provider-youtube wp-block-embed-youtube wp-embed-aspect-16-9 wp-has-aspect-ratio\"><div class=\"wp-block-embed__wrapper\">\nhttps:\/\/www.youtube.com\/watch?v=PjKTxuBOHmQ\n<\/div><\/figure>\n<!-- \/wp:embed -->","featured_media":622202,"featured_media_url":"https:\/\/www.visitliptov.sk\/wp-content\/uploads\/2024\/09\/wjo_2024_.png-600x579.jpg","images_gallery_urls":[],"poster":"622194","poster_url":"https:\/\/www.visitliptov.sk\/wp-content\/uploads\/2024\/09\/wjo_2024_plagat.png","documents":[],"fotka_1_url":null,"fotka_2_url":null,"fotka_3_url":null,"fotka_4_url":null,"fotka_5_url":null,"fotka_6_url":null,"fotka_7_url":null,"fotka_8_url":null},"sk":{"id":622184,"title":"Winter Jasn\u00e1 Opening","url":"https:\/\/www.visitliptov.sk\/podujatie\/winter-jasna-opening-2024\/","api_url":"https:\/\/www.visitliptov.sk\/en\/wp-json\/wp\/v2\/podujatia\/622184","status":"publish","excerpt":"Diskopr\u00edbeh ed\u00edcia N\u00e1vrat do 80t\u00fdch let a tradi\u010dn\u00ed \u010deskoslovensk\u00e9 gastro z 80tek! Po\u010das posledn\u00e9ho novembrov\u00e9ho v\u00edkendu budeme v Jasnej otv\u00e1ra\u0165&nbsp;nov\u00fa ...","content":"<!-- wp:heading -->\n<h2 class=\"wp-block-heading\">Diskopr\u00edbeh ed\u00edcia<\/h2>\n<!-- \/wp:heading -->\n\n<!-- wp:paragraph -->\n<p><strong>N\u00e1vrat do 80t\u00fdch let a tradi\u010dn\u00ed \u010deskoslovensk\u00e9 gastro z 80tek!<\/strong><\/p>\n<!-- \/wp:paragraph -->\n\n<!-- wp:paragraph -->\n<p>Po\u010das posledn\u00e9ho novembrov\u00e9ho v\u00edkendu budeme v Jasnej otv\u00e1ra\u0165&nbsp;<strong>nov\u00fa ly\u017eiarsku sez\u00f3nu 2024\/25<\/strong>! Tento rok sa zabav\u00edme v&nbsp;<strong>retro \u0161t\u00fdle<\/strong>&nbsp;so skvel\u00fdm&nbsp;<strong>Michalom Davidom<\/strong>&nbsp;na&nbsp;<strong>Diskopr\u00edbeh ed\u00edcii&nbsp;<\/strong>a \u010dak\u00e1 v\u00e1s otv\u00e1ra\u010dka s bohat\u00fdm denn\u00fdm aj ve\u010dern\u00fdm programom, ktor\u00fd<strong>&nbsp;za\u010dne u\u017e v piatok 29.11.2024<\/strong>.<\/p>\n<!-- \/wp:paragraph -->\n\n<!-- wp:paragraph -->\n<p>V Jasnej jednoducho nem\u00f4\u017eete ch\u00fdba\u0165!<\/p>\n<!-- \/wp:paragraph -->\n\n<!-- wp:acf\/accordion {\"name\":\"acf\/accordion\",\"data\":{\"accordion_items_0_title\":\"Program\",\"_accordion_items_0_title\":\"field_5c9214716a572\",\"accordion_items_0_content\":\"\\u003cstrong\\u003ePIATOK\\u003c\/strong\\u003e\\r\\n\\r\\nV piatok v\u00e1s \u010dak\u00e1 \\u003cstrong\\u003ejedine\u010dn\u00e1 Oldies p\u00e1rty s R\u00e1diom Vlna\\u003c\/strong\\u003e, ktor\u00e1 v\u00e1s rozhodne nenech\u00e1 sedie\u0165 v k\u00fate! Zn\u00e1me hity a super atmosf\u00e9ra, ktor\u00e1 ovl\u00e1dne cel\u00fd \\u003cstrong\\u003eCrystal bar bude dokonca ZADARMO\\u003c\/strong\\u003e.\\r\\n\\r\\n\\u003cstrong\\u003eSOBOTA\\u003c\/strong\\u003e\\r\\n\\r\\nSobotn\u00fd de\u0148 spolo\u010dne pretancujeme na celodenn\u00fa p\u00e1rty pred Crystal barom a program vyvrchol\u00ed v sobotu ve\u010der ve\u013ekolep\u00fa p\u00e1rty WINTER JASN\u00c1 OPENING - DISKOPR\u00cdBEH ED\u00cdCIE. Legend\u00e1rny \\u003cstrong\\u003eMichal David\\u003c\/strong\\u003e a jeho chyt\u013eav\u00e9 retro-hity roztancuj\u00fa cel\u00fa Jasn\u00fa! Po\u010das v\u00edkendu vyst\u00fapi \u010desk\u00fd herec, model a spev\u00e1k\\u003cstrong\\u003e Sagvan Tofi\\u003c\/strong\\u003e, ako aj\\u003cstrong\\u003e Illuminate Night Party\\u003c\/strong\\u003e (Lucca, Andrea Pomeje a Matej Ruppert), ktor\u00ed prines\u00fa expl\u00f3ziu tanca, dobrej z\u00e1bavy a perfektne dotvoria atmosf\u00e9ru fantastick\u00e9ho Winter Jasn\u00e1 Opening!\\r\\n\\r\\n*zmena programu vyhraden\u00e1\\r\\n\\r\\nPrv\u00fd de\u0148 ly\u017eiarskej sez\u00f3ny patr\u00ed aj prezent\u00e1ciu na\u0161ich partnerov v r\u00e1mci dediny, kde si n\u00e1v\u0161tevn\u00edci bud\u00fa m\u00f4c\u0165 vysk\u00fa\u0161a\u0165 ich produkty. Partnersk\u00e1 dedina bude hos\u0165om k dispoz\u00edcii 30.11.2024 od 8:30.\",\"_accordion_items_0_content\":\"field_5c9214826a573\",\"accordion_items_1_title\":\"Vstupenky\",\"_accordion_items_1_title\":\"field_5c9214716a572\",\"accordion_items_1_content\":\"\\u003cdiv id=\\u0022c220561\\u0022 class=\\u0022frame frame-default frame-type-textpic frame-layout-0\\u0022\\u003e\\r\\n\\u003cdiv class=\\u0022ce-textpic ce-center ce-above\\u0022\\u003e\\r\\n\\u003cdiv class=\\u0022ce-bodytext\\u0022\\u003e\\r\\n\\u003cdiv class=\\u0022table-responsive\\u0022\\u003e\\r\\n\\u003ctable style=\\u0022height: 94px;\\u0022 width=\\u0022769\\u0022\\u003e\\r\\n\\u003ctbody\\u003e\\r\\n\\u003ctr\\u003e\\r\\n\\u003ctd class=\\u0022text-center\\u0022 style=\\u0022padding-left: 80px;\\u0022\\u003e\\u003c\/td\\u003e\\r\\n\\u003ctd class=\\u0022text-center\\u0022\\u003e\\u003cstrong\\u003eonline druh\u00e1 vlna\\u003c\/strong\\u003e\\u003c\/td\\u003e\\r\\n\\u003ctd class=\\u0022text-center\\u0022\\u003e\\u003cstrong\\u003eonline tretia vlna\\u003c\/strong\\u003e\\u003c\/td\\u003e\\r\\n\\u003ctd class=\\u0022text-center\\u0022\\u003e\\u003cstrong\\u003eonline \u0161tvrt\u00e1 vlna\\u003c\/strong\\u003e\\u003c\/td\\u003e\\r\\n\\u003ctd class=\\u0022text-center\\u0022\\u003e\\u003cstrong\\u003eoffline\\u003c\/strong\\u003e\\u003c\/td\\u003e\\r\\n\\u003c\/tr\\u003e\\r\\n\\u003ctr\\u003e\\r\\n\\u003ctd\\u003e\\u003cstrong\\u003ePUBLIC vstup\\u003c\/strong\\u003e\\u003c\/td\\u003e\\r\\n\\u003ctd class=\\u0022text-center\\u0022\\u003e\\u003cstrong\\u003e39 \u20ac\\u003c\/strong\\u003e\\u003c\/td\\u003e\\r\\n\\u003ctd class=\\u0022text-center\\u0022\\u003e\u00a0\\u003cstrong\\u003e49\u00a0\u20ac\\u003c\/strong\\u003e\\u003c\/td\\u003e\\r\\n\\u003ctd class=\\u0022text-center\\u0022\\u003e\\u003cstrong\\u003e59\u20ac\\u003c\/strong\\u003e\\u003c\/td\\u003e\\r\\n\\u003ctd class=\\u0022text-center\\u0022\\u003e\\u003cstrong\\u003e79 \u20ac\\u003c\/strong\\u003e\\u003c\/td\\u003e\\r\\n\\u003c\/tr\\u003e\\r\\n\\u003ctr\\u003e\\r\\n\\u003ctd\\u003e\\u003cstrong\\u003eVIP vstup\\u003c\/strong\\u003e\\u003c\/td\\u003e\\r\\n\\u003ctd class=\\u0022text-center\\u0022\\u003e\\u003cstrong\\u003e89 \u20ac\\u003c\/strong\\u003e\\u003c\/td\\u003e\\r\\n\\u003ctd class=\\u0022text-center\\u0022\\u003e\u00a0\\u003cstrong\\u003e99\u00a0\u20ac\\u003c\/strong\\u003e\\u003c\/td\\u003e\\r\\n\\u003ctd class=\\u0022text-center\\u0022\\u003e\\u003cstrong\\u003e119\u20ac\\u003c\/strong\\u003e\\u003c\/td\\u003e\\r\\n\\u003ctd class=\\u0022text-center\\u0022\\u003e\\u003cstrong\\u003e189 \u20ac\\u003c\/strong\\u003e\\u003c\/td\\u003e\\r\\n\\u003c\/tr\\u003e\\r\\n\\u003c\/tbody\\u003e\\r\\n\\u003c\/table\\u003e\\r\\n\\u0026nbsp;\\r\\n\\r\\n\\u003c\/div\\u003e\\r\\n\\u003c\/div\\u003e\\r\\n\\u003c\/div\\u003e\\r\\n\\u003c\/div\\u003e\\r\\n\\u003cdiv id=\\u0022c224049\\u0022 class=\\u0022frame frame-default frame-type-textpic frame-layout-0\\u0022\\u003e\\r\\n\\u003cdiv class=\\u0022ce-textpic ce-center ce-above\\u0022\\u003e\\r\\n\\u003cdiv class=\\u0022ce-bodytext\\u0022\\u003e\\r\\n\\u003cp class=\\u0022text-justify\\u0022\\u003e\\u003cstrong\\u003eTyp l\u00edstku PUBLIC\\u003c\/strong\\u003e zahr\u0148uje vstup na p\u00e1rty Winter Jasn\u00e1 Opening do dolnej \u010dasti Happy End-u.\\r\\n\\u003cstrong\\u003eTyp l\u00edstku VIP\\u003c\/strong\\u003e zahr\u0148uje wellcome drink, vstup na p\u00e1rty Winter Jasn\u00e1 Opening do hornej \u010d\u00e1sti Happy End-u, VIP p\u00e1rty s DJ-om v Crystal baru. V VIP vstupe bude k dispozicii ob\u010derstvenie inspirovan\u00e9 tradi\u010dn\u00ed \u010deskoslovenskou kuchy\u0148ou 80t\u00fdch rokov.\\u003c\/p\\u003e\\r\\n\\r\\n\\u003c\/div\\u003e\\r\\n\\u003c\/div\\u003e\\r\\n\\u003c\/div\\u003e\",\"_accordion_items_1_content\":\"field_5c9214826a573\",\"accordion_items\":2,\"_accordion_items\":\"field_5c9214446a571\"},\"mode\":\"edit\"} \/-->\n\n<!-- wp:paragraph -->\n<p><\/p>\n<!-- \/wp:paragraph -->\n\n<!-- wp:columns -->\n<div class=\"wp-block-columns\"><!-- wp:column -->\n<div class=\"wp-block-column\"><!-- wp:embed {\"url\":\"https:\/\/www.youtube.com\/watch?v=PjKTxuBOHmQ\",\"type\":\"video\",\"providerNameSlug\":\"youtube\",\"responsive\":true,\"className\":\"wp-embed-aspect-16-9 wp-has-aspect-ratio\"} -->\n<figure class=\"wp-block-embed is-type-video is-provider-youtube wp-block-embed-youtube wp-embed-aspect-16-9 wp-has-aspect-ratio\"><div class=\"wp-block-embed__wrapper\">\nhttps:\/\/www.youtube.com\/watch?v=PjKTxuBOHmQ\n<\/div><\/figure>\n<!-- \/wp:embed --><\/div>\n<!-- \/wp:column -->\n\n<!-- wp:column -->\n<div class=\"wp-block-column\"><!-- wp:embed {\"url\":\"https:\/\/youtu.be\/2erafKZjnLE?si=sj1shPil5GVYndnp\",\"type\":\"video\",\"providerNameSlug\":\"youtube\",\"responsive\":true,\"className\":\"wp-embed-aspect-16-9 wp-has-aspect-ratio\"} -->\n<figure class=\"wp-block-embed is-type-video is-provider-youtube wp-block-embed-youtube wp-embed-aspect-16-9 wp-has-aspect-ratio\"><div class=\"wp-block-embed__wrapper\">\nhttps:\/\/youtu.be\/2erafKZjnLE?si=sj1shPil5GVYndnp\n<\/div><\/figure>\n<!-- \/wp:embed --><\/div>\n<!-- \/wp:column --><\/div>\n<!-- \/wp:columns -->","featured_media":622200,"featured_media_url":"https:\/\/www.visitliptov.sk\/wp-content\/uploads\/2024\/09\/wjo_2024_.png-600x579.jpg","images_gallery_urls":[],"poster":"622192","poster_url":"https:\/\/www.visitliptov.sk\/wp-content\/uploads\/2024\/09\/wjo_2024_plagat.png","documents":[],"fotka_1_url":null,"fotka_2_url":null,"fotka_3_url":null,"fotka_4_url":null,"fotka_5_url":null,"fotka_6_url":null,"fotka_7_url":null,"fotka_8_url":null},"pl":{"id":622186,"title":"Winter Jasn\u00e1 Opening 2024","url":"https:\/\/www.visitliptov.sk\/pl\/podujatie\/winter-jasna-opening-2024\/","api_url":"https:\/\/www.visitliptov.sk\/en\/wp-json\/wp\/v2\/podujatia\/622186","status":"publish","excerpt":"Historia dyskotekowa Powr\u00f3t do lat 80-tych i tradycyjnej czechos\u0142owackiej kuchni z lat 80-tych! W ostatni weekend listopada otworzymy w Jasnej ...","content":"<!-- wp:heading -->\n<h2 class=\"wp-block-heading\">Historia dyskotekowa<\/h2>\n<!-- \/wp:heading -->\n\n<!-- wp:paragraph -->\n<p><strong>Powr\u00f3t do lat 80-tych i tradycyjnej czechos\u0142owackiej kuchni z lat 80-tych!<\/strong><\/p>\n<!-- \/wp:paragraph -->\n\n<!-- wp:paragraph -->\n<p><a href=\"https:\/\/www.jasna.sk\/pl\/zajecia\/wydarzenia\/winter-jasna-opening-1?originalreferrer=https:\/\/www.jasna.sk\/\"><\/a><\/p>\n<!-- \/wp:paragraph -->\n\n<!-- wp:paragraph -->\n<p>W ostatni weekend listopada otworzymy w Jasnej nowy sezon&nbsp;<strong>narciarski 2024\/25<\/strong>! W tym roku b\u0119dziemy bawi\u0107 si\u0119 w stylu retro ze \u015bwietnym&nbsp;<strong>Michalem Davidem<\/strong>&nbsp;pod znakiem &nbsp; Historii dyskotekowej, a impreza z bogatym programem dziennym i wieczornym rozpocznie si\u0119 ju\u017c w&nbsp;<strong>pi\u0105tek 29.11.2024 r.<\/strong><\/p>\n<!-- \/wp:paragraph -->\n\n<!-- wp:paragraph -->\n<p><strong>W Jasnej nie mo\u017ce Ciebie zabrakn\u0105\u0107!<\/strong><\/p>\n<!-- \/wp:paragraph -->\n\n<!-- wp:acf\/accordion {\"name\":\"acf\/accordion\",\"data\":{\"accordion_items_0_title\":\"Program\",\"_accordion_items_0_title\":\"field_5c9214716a572\",\"accordion_items_0_content\":\"\\u003cp class=\\u0022text-center\\u0022 style=\\u0022text-align: left;\\u0022\\u003e\\u003cstrong\\u003ePI\u0104TEK\\u003c\/strong\\u003e\\u003c\/p\\u003e\\r\\n\\u003cp class=\\u0022text-center\\u0022 style=\\u0022text-align: left;\\u0022\\u003eW pi\u0105tek odb\u0119dzie si\u0119 wyj\u0105tkowe\u00a0\\u003cstrong\\u003eOldies Party z Radiem Vlna\\u003c\/strong\\u003e, na kt\u00f3rym na pewno nie b\u0119dziesz siedzie\u0107 w k\u0105cie! Znane hity i \u015bwietna atmosfera, kt\u00f3ra zapanuje w ca\u0142ym barze Crystal b\u0119d\u0105 w dodatku\u00a0\\u003cstrong\\u003eZA DARMO\\u003c\/strong\\u003e.\\u003c\/p\\u003e\\r\\n\\u003cstrong\\u003eSOBOTA\\u003c\/strong\\u003e\\r\\n\\r\\nSobot\u0119 przeta\u0144czymy na\u00a0\\u003cstrong\\u003eca\u0142odniowej\u00a0\\u003c\/strong\\u003eimprezie przed barem Crystal, a program zako\u0144czy si\u0119 w sobotni wiecz\u00f3r spektakularnym\u00a0\\u003cstrong\\u003eWINTER JASNA OPENING\\u003c\/strong\\u003e\u00a0\u2013 HISTORIA DYSKOTEKOWA (DISKOPR\u00cdBEH). Legendarny\u00a0\\u003cstrong\\u003eMichal David\\u003c\/strong\\u003e\u00a0i jego znane przeboje retro porw\u0105 do ta\u0144ca ca\u0142\u0105 Jasn\u0105! Podczas weekendu wyst\u0105pi czeski aktor, model i wokalista\u00a0\\u003cstrong\\u003eSagvan Tofi\\u003c\/strong\\u003e, a tak\u017ce\u00a0\\u003cstrong\\u003eIlluminate Night Party\\u003c\/strong\\u003e\u00a0(Lucca, Andrea Pomeje i Mat\u011bj Ruppert), przynosz\u0105c eksplozj\u0119 ta\u0144ca, dobrej zabawy i doskonale dope\u0142ni\u0105 atmosfer\u0119 fantastycznego\u00a0\\u003cstrong\\u003eWinter Jasna Opening\\u003c\/strong\\u003e!\\r\\n\\u003cdiv id=\\u0022c329546\\u0022 class=\\u0022frame frame-default frame-type-textpic frame-layout-0\\u0022\\u003e\\r\\n\\u003cdiv class=\\u0022ce-textpic ce-left ce-intext ce-nowrap\\u0022\\u003e\\r\\n\\u003cdiv class=\\u0022ce-bodytext\\u0022\\u003e\\r\\n\\u003ch5 class=\\u0022text-justify\\u0022\\u003e\\u003cstrong\\u003e*\\u003c\/strong\\u003eZastrzega si\u0119 mo\u017cliwo\u015b\u0107 zmiany programu.\\u003c\/h5\\u003e\\r\\n\\u003c\/div\\u003e\\r\\n\\u003c\/div\\u003e\\r\\n\\u003c\/div\\u003e\\r\\n\\u003cdiv id=\\u0022c329554\\u0022 class=\\u0022frame frame-default frame-type-textpic frame-layout-0\\u0022\\u003e\\u003ca id=\\u0022c331158\\u0022 href=\\u0022https:\/\/www.jasna.sk\/pl\/zajecia\/wydarzenia\/winter-jasna-opening-1?originalreferrer=https:\/\/www.jasna.sk\/\\u0022\\u003e\\u003c\/a\\u003e\\r\\n\\u003cdiv class=\\u0022ce-textpic ce-center ce-above\\u0022\\u003e\\r\\n\\u003cdiv class=\\u0022ce-bodytext\\u0022\\u003e\\r\\n\\u003cp class=\\u0022text-justify\\u0022\\u003ePierwszy dzie\u0144 sezonu narciarskiego to tak\u017ce prezentacja\u00a0\\u003cstrong\\u003enaszych partner\u00f3w\\u003c\/strong\\u003e\u00a0w wiosce, gdzie odwiedzaj\u0105cy b\u0119d\u0105 mogli\u00a0\\u003cstrong\\u003ewypr\u00f3bowa\u0107\u00a0\\u003c\/strong\\u003eich produkty.\u00a0\\u003cstrong\\u003eWioska partnerska\\u003c\/strong\\u003e\u00a0b\u0119dzie otwarta dla go\u015bci\u00a0\\u003cstrong\\u003e30.11.2024\\u003c\/strong\\u003e\u00a0od\u00a0\\u003cstrong\\u003e8:30\\u003c\/strong\\u003e.\\u003c\/p\\u003e\\r\\n\\r\\n\\u003c\/div\\u003e\\r\\n\\u003c\/div\\u003e\\r\\n\\u003c\/div\\u003e\",\"_accordion_items_0_content\":\"field_5c9214826a573\",\"accordion_items_1_title\":\"BILETY\",\"_accordion_items_1_title\":\"field_5c9214716a572\",\"accordion_items_1_content\":\"\\u003cdiv id=\\u0022c220561\\u0022 class=\\u0022frame frame-default frame-type-textpic frame-layout-0\\u0022\\u003e\\r\\n\\u003cdiv class=\\u0022ce-textpic ce-center ce-above\\u0022\\u003e\\r\\n\\u003cdiv class=\\u0022ce-bodytext\\u0022\\u003e\\r\\n\\u003cdiv class=\\u0022table-responsive\\u0022\\u003e\\r\\n\\u003ctable style=\\u0022height: 94px;\\u0022 width=\\u0022769\\u0022\\u003e\\r\\n\\u003ctbody\\u003e\\r\\n\\u003ctr\\u003e\\r\\n\\u003ctd class=\\u0022text-center\\u0022 style=\\u0022padding-left: 80px;\\u0022\\u003e\\u003c\/td\\u003e\\r\\n\\u003ctd class=\\u0022text-center\\u0022 style=\\u0022text-align: center;\\u0022\\u003e\\u003cstrong\\u003eDRUGA FALA SPRZEDA\u017bY\\u003c\/strong\\u003e\\u003c\/td\\u003e\\r\\n\\u003ctd class=\\u0022text-center\\u0022 style=\\u0022text-align: center;\\u0022\\u003e\\u003cstrong\\u003eTRZECIE FALA SPRZEDA\u017bY\\u003c\/strong\\u003e\\u003c\/td\\u003e\\r\\n\\u003ctd class=\\u0022text-center\\u0022 style=\\u0022text-align: center;\\u0022\\u003e\\u003cstrong\\u003eCZWARTA FALA SPRZEDA\u017bY\\u003c\/strong\\u003e\\u003c\/td\\u003e\\r\\n\\u003ctd class=\\u0022text-center\\u0022\\u003e\\u003cstrong\\u003eoffline\\u003c\/strong\\u003e\\u003c\/td\\u003e\\r\\n\\u003c\/tr\\u003e\\r\\n\\u003ctr\\u003e\\r\\n\\u003ctd\\u003e\\u003cstrong\\u003eBilety\u00a0PUBLIC\u00a0\\u003c\/strong\\u003e\\u003c\/td\\u003e\\r\\n\\u003ctd class=\\u0022text-center\\u0022\\u003e\\u003cstrong\\u003e39 \u20ac\\u003c\/strong\\u003e\\u003c\/td\\u003e\\r\\n\\u003ctd class=\\u0022text-center\\u0022\\u003e\u00a0\\u003cstrong\\u003e49\u00a0\u20ac\\u003c\/strong\\u003e\\u003c\/td\\u003e\\r\\n\\u003ctd class=\\u0022text-center\\u0022\\u003e\\u003cstrong\\u003e59\u20ac\\u003c\/strong\\u003e\\u003c\/td\\u003e\\r\\n\\u003ctd class=\\u0022text-center\\u0022\\u003e\\u003cstrong\\u003e79 \u20ac\\u003c\/strong\\u003e\\u003c\/td\\u003e\\r\\n\\u003c\/tr\\u003e\\r\\n\\u003ctr\\u003e\\r\\n\\u003ctd\\u003e\\u003cstrong\\u003eBilety\u00a0VIP\u00a0\\u003c\/strong\\u003e\\u003c\/td\\u003e\\r\\n\\u003ctd class=\\u0022text-center\\u0022\\u003e\\u003cstrong\\u003e89 \u20ac\\u003c\/strong\\u003e\\u003c\/td\\u003e\\r\\n\\u003ctd class=\\u0022text-center\\u0022\\u003e\u00a0\\u003cstrong\\u003e99\u00a0\u20ac\\u003c\/strong\\u003e\\u003c\/td\\u003e\\r\\n\\u003ctd class=\\u0022text-center\\u0022\\u003e\\u003cstrong\\u003e119\u20ac\\u003c\/strong\\u003e\\u003c\/td\\u003e\\r\\n\\u003ctd class=\\u0022text-center\\u0022\\u003e\\u003cstrong\\u003e189 \u20ac\\u003c\/strong\\u003e\\u003c\/td\\u003e\\r\\n\\u003c\/tr\\u003e\\r\\n\\u003c\/tbody\\u003e\\r\\n\\u003c\/table\\u003e\\r\\n\\u0026nbsp;\\r\\n\\r\\n\\u003c\/div\\u003e\\r\\n\\u003c\/div\\u003e\\r\\n\\u003c\/div\\u003e\\r\\n\\u003c\/div\\u003e\\r\\n\\u003cdiv id=\\u0022c224049\\u0022 class=\\u0022frame frame-default frame-type-textpic frame-layout-0\\u0022\\u003e\\r\\n\\u003cdiv class=\\u0022ce-textpic ce-center ce-above\\u0022\\u003e\\r\\n\\u003cdiv class=\\u0022ce-bodytext\\u0022\\u003e\\r\\n\\u003cp class=\\u0022text-justify\\u0022\\u003e\\u003cstrong\\u003eBilet typu PUBLIC\\u003c\/strong\\u003e\u00a0obejmuje wst\u0119p na imprez\u0119 Winter Jasn\u00e1 Opening w dolnej cz\u0119\u015bci Happy End-u.\\u003c\/p\\u003e\\r\\n\\u003cp class=\\u0022text-justify\\u0022\\u003e\\u003cstrong\\u003eBilet typu VIP\u00a0\\u003c\/strong\\u003eobejmuje welcome drink, wst\u0119p na imprez\u0119 Winter Jasn\u00e1 Opening w g\u00f3rnej cz\u0119\u015bci Happy End-u, VIP party z DJ-em w barze Crystal.\u00a0Bilet VIP obejmuje przek\u0105ski inspirowane tradycyjn\u0105 kuchni\u0105 czechos\u0142owack\u0105 lat 80-tych.\\u003c\/p\\u003e\\r\\n\\r\\n\\u003c\/div\\u003e\\r\\n\\u003c\/div\\u003e\\r\\n\\u003c\/div\\u003e\",\"_accordion_items_1_content\":\"field_5c9214826a573\",\"accordion_items\":2,\"_accordion_items\":\"field_5c9214446a571\"},\"mode\":\"edit\"} \/-->\n\n<!-- wp:paragraph -->\n<p><\/p>\n<!-- \/wp:paragraph -->\n\n<!-- wp:embed {\"url\":\"https:\/\/www.youtube.com\/watch?v=PjKTxuBOHmQ\",\"type\":\"video\",\"providerNameSlug\":\"youtube\",\"responsive\":true,\"className\":\"wp-embed-aspect-16-9 wp-has-aspect-ratio\"} -->\n<figure class=\"wp-block-embed is-type-video is-provider-youtube wp-block-embed-youtube wp-embed-aspect-16-9 wp-has-aspect-ratio\"><div class=\"wp-block-embed__wrapper\">\nhttps:\/\/www.youtube.com\/watch?v=PjKTxuBOHmQ\n<\/div><\/figure>\n<!-- \/wp:embed -->","featured_media":622206,"featured_media_url":"https:\/\/www.visitliptov.sk\/wp-content\/uploads\/2024\/09\/wjo_2024_.png-600x579.jpg","images_gallery_urls":[],"poster":"622198","poster_url":"https:\/\/www.visitliptov.sk\/wp-content\/uploads\/2024\/09\/wjo_2024_plagat.png","documents":[],"fotka_1_url":null,"fotka_2_url":null,"fotka_3_url":null,"fotka_4_url":null,"fotka_5_url":null,"fotka_6_url":null,"fotka_7_url":null,"fotka_8_url":null}},"_links":{"self":[{"href":"https:\/\/www.visitliptov.sk\/en\/wp-json\/wp\/v2\/podujatia\/622182"}],"collection":[{"href":"https:\/\/www.visitliptov.sk\/en\/wp-json\/wp\/v2\/podujatia"}],"about":[{"href":"https:\/\/www.visitliptov.sk\/en\/wp-json\/wp\/v2\/types\/podujatia"}],"author":[{"embeddable":true,"href":"https:\/\/www.visitliptov.sk\/en\/wp-json\/wp\/v2\/users\/15"}],"version-history":[{"count":0,"href":"https:\/\/www.visitliptov.sk\/en\/wp-json\/wp\/v2\/podujatia\/622182\/revisions"}],"wp:featuredmedia":[{"embeddable":true,"href":"https:\/\/www.visitliptov.sk\/en\/wp-json\/wp\/v2\/media\/622202"}],"wp:attachment":[{"href":"https:\/\/www.visitliptov.sk\/en\/wp-json\/wp\/v2\/media?parent=622182"}],"wp:term":[{"taxonomy":"podujatia_kategorie","embeddable":true,"href":"https:\/\/www.visitliptov.sk\/en\/wp-json\/wp\/v2\/podujatia-kategorie?post=622182"},{"taxonomy":"lokalita","embeddable":true,"href":"https:\/\/www.visitliptov.sk\/en\/wp-json\/wp\/v2\/lokalita?post=622182"}],"curies":[{"name":"wp","href":"https:\/\/api.w.org\/{rel}","templated":true}]}}